{"id":16,"date":"2024-07-15T12:15:10","date_gmt":"2024-07-15T12:15:10","guid":{"rendered":"https:\/\/intercultural-festival.de\/?page_id=16"},"modified":"2024-09-26T12:56:54","modified_gmt":"2024-09-26T12:56:54","slug":"wer-uns-unterstuetzt","status":"publish","type":"page","link":"https:\/\/intercultural-festival.de\/index.php\/wer-uns-unterstuetzt\/","title":{"rendered":"Wer uns unterst\u00fctzt"},"content":{"rendered":"\n<p>Seit 2020 haben wir eine Vielfalt an Unterst\u00fctzung erfahren. Diese hat es uns erst erm\u00f6glicht, dass wir das Intercultural Festival ins Leben rufen konnten. Wir bedanken uns bei allen die in der Vergangenheit und auch in Zukunft dieses Projekt gef\u00f6rdert und unterst\u00fctzt haben.<\/p>\n\n\n\n<p><strong>Politik:<\/strong><\/p>\n\n\n\n<p>Anna Gorskih, MdL Sachsen \u2013 Gabriele F\u00e4nder, Gleichstellungsbeauftrage und Beauftragte f\u00fcr Migration und Integration im Landkreis Mei\u00dfen \u2013 Katja Meier, S\u00e4chsische Staatsministerin der Justiz und f\u00fcr Demokratie, Europa und Gleichstellung \u2013 Susann R\u00fcthrich, Kinder- und Jugendbeauftragte der S\u00e4chsischen Staatsregierung \u2013 Marco B\u00f6hme, MdL Sachsen \u2013 Frank Richter, MdL Sachsen<\/p>\n\n\n\n<p><strong>K\u00fcnstler:<\/strong><\/p>\n\n\n\n<p>Sebastian Krumbiegel<\/p>\n\n\n<div class=\"pgc-sgb-cb wp-block-pgcsimplygalleryblock-masonry \" data-gallery-id=\"ef679720\"><div class=\"sgb-preloader\" id=\"pr_ef679720\">\n\t<div class=\"sgb-square\" style=\"background:#d4d4d4\"><\/div>\n\t<div class=\"sgb-square\" style=\"background:#d4d4d4\"><\/div>\n\t<div class=\"sgb-square\" style=\"background:#d4d4d4\"><\/div>\n\t<div class=\"sgb-square\" style=\"background:#d4d4d4\"><\/div><\/div><div class=\"simply-gallery-amp pgc_sgb_slider \"><noscript><div class=\"sgb-gallery\"><div class=\"sgb-item\"><a href=\"https:\/\/intercultural-festival.de\/index.php\/wer-uns-unterstuetzt\/susann-ruethrich-sozialministerium\/\" target=\"_blank\"><img decoding=\"async\" alt=\"\" width=\"300\" height=\"200\" loading=\"lazy\" src=\"https:\/\/intercultural-festival.de\/wp-content\/uploads\/2024\/08\/KJB_Susann_Ruetrich_rdax_1460x971_87s-300x200.jpg\" srcset=\"https:\/\/intercultural-festival.de\/wp-content\/uploads\/2024\/08\/KJB_Susann_Ruetrich_rdax_1460x971_87s-300x200.jpg 300w,https:\/\/intercultural-festival.de\/wp-content\/uploads\/2024\/08\/KJB_Susann_Ruetrich_rdax_1460x971_87s-1024x681.jpg 1024w,https:\/\/intercultural-festival.de\/wp-content\/uploads\/2024\/08\/KJB_Susann_Ruetrich_rdax_1460x971_87s.jpg 1460w\" sizes=\"auto, 250px\"\/><\/a><\/div><div class=\"sgb-item\"><a href=\"https:\/\/intercultural-festival.de\/index.php\/wer-uns-unterstuetzt\/katjameier_ahufnagl_0195-1024x683\/\" target=\"_blank\"><img decoding=\"async\" alt=\"\" width=\"300\" height=\"200\" loading=\"lazy\" src=\"https:\/\/intercultural-festival.de\/wp-content\/uploads\/2024\/08\/KatjaMeier_AHufnagl_0195-1024x683-1-300x200.jpg\" srcset=\"https:\/\/intercultural-festival.de\/wp-content\/uploads\/2024\/08\/KatjaMeier_AHufnagl_0195-1024x683-1-300x200.jpg 300w,https:\/\/intercultural-festival.de\/wp-content\/uploads\/2024\/08\/KatjaMeier_AHufnagl_0195-1024x683-1.jpg 1024w\" sizes=\"auto, 250px\"\/><\/a><\/div><div class=\"sgb-item\"><a href=\"https:\/\/intercultural-festival.de\/index.php\/wer-uns-unterstuetzt\/bild_gabriele-faender\/\" target=\"_blank\"><img decoding=\"async\" alt=\"\" width=\"225\" height=\"300\" loading=\"lazy\" src=\"https:\/\/intercultural-festival.de\/wp-content\/uploads\/2024\/08\/Bild_Gabriele-Faender-225x300.jpg\" srcset=\"https:\/\/intercultural-festival.de\/wp-content\/uploads\/2024\/08\/Bild_Gabriele-Faender-225x300.jpg 225w,https:\/\/intercultural-festival.de\/wp-content\/uploads\/2024\/08\/Bild_Gabriele-Faender.jpg 768w\" sizes=\"auto, 250px\"\/><\/a><\/div><div class=\"sgb-item\"><a href=\"https:\/\/intercultural-festival.de\/index.php\/wer-uns-unterstuetzt\/anna_fkt-1-scaled-1-1024x683\/\" target=\"_blank\"><img decoding=\"async\" alt=\"\" width=\"300\" height=\"200\" loading=\"lazy\" src=\"https:\/\/intercultural-festival.de\/wp-content\/uploads\/2024\/08\/anna_fkt-1-scaled-1-1024x683-1-300x200.jpg\" srcset=\"https:\/\/intercultural-festival.de\/wp-content\/uploads\/2024\/08\/anna_fkt-1-scaled-1-1024x683-1-300x200.jpg 300w,https:\/\/intercultural-festival.de\/wp-content\/uploads\/2024\/08\/anna_fkt-1-scaled-1-1024x683-1.jpg 1024w\" sizes=\"auto, 250px\"\/><\/a><\/div><div class=\"sgb-item\"><a href=\"https:\/\/intercultural-festival.de\/index.php\/wer-uns-unterstuetzt\/richter_frank_20041960_rdax_510x510_80s\/\" target=\"_blank\"><img decoding=\"async\" alt=\"\" width=\"300\" height=\"300\" loading=\"lazy\" src=\"https:\/\/intercultural-festival.de\/wp-content\/uploads\/2024\/08\/richter_frank_20041960_rdax_510x510_80s-300x300.jpg\" srcset=\"https:\/\/intercultural-festival.de\/wp-content\/uploads\/2024\/08\/richter_frank_20041960_rdax_510x510_80s-300x300.jpg 300w,https:\/\/intercultural-festival.de\/wp-content\/uploads\/2024\/08\/richter_frank_20041960_rdax_510x510_80s.jpg 510w\" sizes=\"auto, 250px\"\/><\/a><\/div><div class=\"sgb-item\"><a href=\"https:\/\/intercultural-festival.de\/index.php\/wer-uns-unterstuetzt\/sebastiankrumbiegel2019_creditenricomeyer_03-1024x819\/\" target=\"_blank\"><img decoding=\"async\" alt=\"\" width=\"300\" height=\"240\" loading=\"lazy\" src=\"https:\/\/intercultural-festival.de\/wp-content\/uploads\/2024\/08\/SebastianKrumbiegel2019_CreditEnricoMeyer_03-1024x819-1-300x240.jpg\" srcset=\"https:\/\/intercultural-festival.de\/wp-content\/uploads\/2024\/08\/SebastianKrumbiegel2019_CreditEnricoMeyer_03-1024x819-1-300x240.jpg 300w,https:\/\/intercultural-festival.de\/wp-content\/uploads\/2024\/08\/SebastianKrumbiegel2019_CreditEnricoMeyer_03-1024x819-1.jpg 1024w\" sizes=\"auto, 250px\"\/><\/a><\/div><div class=\"sgb-item\"><a href=\"https:\/\/intercultural-festival.de\/index.php\/wer-uns-unterstuetzt\/image-2020-07-02-100742\/\" target=\"_blank\"><img decoding=\"async\" alt=\"\" width=\"284\" height=\"300\" loading=\"lazy\" src=\"https:\/\/intercultural-festival.de\/wp-content\/uploads\/2024\/08\/IMAGE-2020-07-02-100742-284x300.jpg\" srcset=\"https:\/\/intercultural-festival.de\/wp-content\/uploads\/2024\/08\/IMAGE-2020-07-02-100742-284x300.jpg 284w,https:\/\/intercultural-festival.de\/wp-content\/uploads\/2024\/08\/IMAGE-2020-07-02-100742.jpg 795w\" sizes=\"auto, 250px\"\/><\/a><\/div><\/div><\/noscript><\/div><script type=\"application\/json\" class=\"sgb-data\">{\"galleryType\":\"pgc_sgb_masonry\",\"galleryId\":\"ef679720\",\"images\":[{\"id\":185,\"title\":\"Susann Ruethrich , Sozialministerium\",\"url\":\"https:\/\/intercultural-festival.de\/wp-content\/uploads\/2024\/08\/KJB_Susann_Ruetrich_rdax_1460x971_87s.jpg\",\"link\":\"https:\/\/intercultural-festival.de\/index.php\/wer-uns-unterstuetzt\/susann-ruethrich-sozialministerium\/\",\"alt\":\"\",\"description\":\"\",\"caption\":\"\",\"mime\":\"image\/jpeg\",\"type\":\"image\",\"width\":1460,\"height\":971,\"sizes\":{\"thumbnail\":{\"height\":150,\"width\":150,\"url\":\"https:\/\/intercultural-festival.de\/wp-content\/uploads\/2024\/08\/KJB_Susann_Ruetrich_rdax_1460x971_87s-150x150.jpg\",\"orientation\":\"landscape\"},\"medium\":{\"height\":200,\"width\":300,\"url\":\"https:\/\/intercultural-festival.de\/wp-content\/uploads\/2024\/08\/KJB_Susann_Ruetrich_rdax_1460x971_87s-300x200.jpg\",\"orientation\":\"landscape\"},\"large\":{\"height\":681,\"width\":1024,\"url\":\"https:\/\/intercultural-festival.de\/wp-content\/uploads\/2024\/08\/KJB_Susann_Ruetrich_rdax_1460x971_87s-1024x681.jpg\",\"orientation\":\"landscape\"},\"full\":{\"url\":\"https:\/\/intercultural-festival.de\/wp-content\/uploads\/2024\/08\/KJB_Susann_Ruetrich_rdax_1460x971_87s.jpg\",\"height\":971,\"width\":1460,\"orientation\":\"landscape\"}},\"imageMeta\":{\"aperture\":\"0\",\"credit\":\"Oliver Killig\",\"camera\":\"\",\"caption\":\"Susann Ruethrich ( SPD ) \\r, Kinder\u2013 und Jugendbeauftragte von Saechsische Staatsregierung , am 20.04.2022 in Dresden . Foto: Oliver Killig\",\"created_timestamp\":\"1650448033\",\"copyright\":\"Oliver Killig\",\"focal_length\":\"0\",\"iso\":\"0\",\"shutter_speed\":\"0\",\"title\":\"Susann Ruethrich , Sozialministerium\",\"orientation\":\"0\",\"keywords\":[\"portrait landesregierung beaufragte\"]},\"meta\":false,\"postlink\":\"https:\/\/intercultural-festival.de\/index.php\/wer-uns-unterstuetzt\/susann-ruethrich-sozialministerium\/\"},{\"id\":109,\"title\":\"KatjaMeier_AHufnagl_0195-1024x683\",\"url\":\"https:\/\/intercultural-festival.de\/wp-content\/uploads\/2024\/08\/KatjaMeier_AHufnagl_0195-1024x683-1.jpg\",\"link\":\"https:\/\/intercultural-festival.de\/index.php\/wer-uns-unterstuetzt\/katjameier_ahufnagl_0195-1024x683\/\",\"alt\":\"\",\"description\":\"\",\"caption\":\"\",\"mime\":\"image\/jpeg\",\"type\":\"image\",\"width\":1024,\"height\":683,\"sizes\":{\"thumbnail\":{\"height\":150,\"width\":150,\"url\":\"https:\/\/intercultural-festival.de\/wp-content\/uploads\/2024\/08\/KatjaMeier_AHufnagl_0195-1024x683-1-150x150.jpg\",\"orientation\":\"landscape\"},\"medium\":{\"height\":200,\"width\":300,\"url\":\"https:\/\/intercultural-festival.de\/wp-content\/uploads\/2024\/08\/KatjaMeier_AHufnagl_0195-1024x683-1-300x200.jpg\",\"orientation\":\"landscape\"},\"full\":{\"url\":\"https:\/\/intercultural-festival.de\/wp-content\/uploads\/2024\/08\/KatjaMeier_AHufnagl_0195-1024x683-1.jpg\",\"height\":683,\"width\":1024,\"orientation\":\"landscape\"}},\"imageMeta\":{\"aperture\":\"0\",\"credit\":\"Anne Hufnagl\",\"camera\":\"\",\"caption\":\"\",\"created_timestamp\":\"1689091551\",\"copyright\":\"Anne Hufnagl\",\"focal_length\":\"0\",\"iso\":\"0\",\"shutter_speed\":\"0\",\"title\":\"\",\"orientation\":\"0\",\"keywords\":[]},\"meta\":false,\"postlink\":\"https:\/\/intercultural-festival.de\/index.php\/wer-uns-unterstuetzt\/katjameier_ahufnagl_0195-1024x683\/\"},{\"id\":107,\"title\":\"Bild_Gabriele-Faender\",\"url\":\"https:\/\/intercultural-festival.de\/wp-content\/uploads\/2024\/08\/Bild_Gabriele-Faender.jpg\",\"link\":\"https:\/\/intercultural-festival.de\/index.php\/wer-uns-unterstuetzt\/bild_gabriele-faender\/\",\"alt\":\"\",\"description\":\"\",\"caption\":\"\",\"mime\":\"image\/jpeg\",\"type\":\"image\",\"width\":768,\"height\":1024,\"sizes\":{\"thumbnail\":{\"height\":150,\"width\":150,\"url\":\"https:\/\/intercultural-festival.de\/wp-content\/uploads\/2024\/08\/Bild_Gabriele-Faender-150x150.jpg\",\"orientation\":\"landscape\"},\"medium\":{\"height\":300,\"width\":225,\"url\":\"https:\/\/intercultural-festival.de\/wp-content\/uploads\/2024\/08\/Bild_Gabriele-Faender-225x300.jpg\",\"orientation\":\"portrait\"},\"full\":{\"url\":\"https:\/\/intercultural-festival.de\/wp-content\/uploads\/2024\/08\/Bild_Gabriele-Faender.jpg\",\"height\":1024,\"width\":768,\"orientation\":\"portrait\"}},\"imageMeta\":{\"aperture\":\"0\",\"credit\":\"\",\"camera\":\"\",\"caption\":\"\",\"created_timestamp\":\"0\",\"copyright\":\"\",\"focal_length\":\"0\",\"iso\":\"0\",\"shutter_speed\":\"0\",\"title\":\"\",\"orientation\":\"0\",\"keywords\":[]},\"meta\":false,\"postlink\":\"https:\/\/intercultural-festival.de\/index.php\/wer-uns-unterstuetzt\/bild_gabriele-faender\/\"},{\"id\":106,\"title\":\"anna_fkt-1-scaled-1-1024x683\",\"url\":\"https:\/\/intercultural-festival.de\/wp-content\/uploads\/2024\/08\/anna_fkt-1-scaled-1-1024x683-1.jpg\",\"link\":\"https:\/\/intercultural-festival.de\/index.php\/wer-uns-unterstuetzt\/anna_fkt-1-scaled-1-1024x683\/\",\"alt\":\"\",\"description\":\"\",\"caption\":\"\",\"mime\":\"image\/jpeg\",\"type\":\"image\",\"width\":1024,\"height\":683,\"sizes\":{\"thumbnail\":{\"height\":150,\"width\":150,\"url\":\"https:\/\/intercultural-festival.de\/wp-content\/uploads\/2024\/08\/anna_fkt-1-scaled-1-1024x683-1-150x150.jpg\",\"orientation\":\"landscape\"},\"medium\":{\"height\":200,\"width\":300,\"url\":\"https:\/\/intercultural-festival.de\/wp-content\/uploads\/2024\/08\/anna_fkt-1-scaled-1-1024x683-1-300x200.jpg\",\"orientation\":\"landscape\"},\"full\":{\"url\":\"https:\/\/intercultural-festival.de\/wp-content\/uploads\/2024\/08\/anna_fkt-1-scaled-1-1024x683-1.jpg\",\"height\":683,\"width\":1024,\"orientation\":\"landscape\"}},\"imageMeta\":{\"aperture\":\"0\",\"credit\":\"\",\"camera\":\"\",\"caption\":\"\",\"created_timestamp\":\"0\",\"copyright\":\"\",\"focal_length\":\"0\",\"iso\":\"0\",\"shutter_speed\":\"0\",\"title\":\"\",\"orientation\":\"0\",\"keywords\":[]},\"meta\":false,\"postlink\":\"https:\/\/intercultural-festival.de\/index.php\/wer-uns-unterstuetzt\/anna_fkt-1-scaled-1-1024x683\/\"},{\"id\":113,\"title\":\"richter_frank_20041960_rdax_510x510_80s\",\"url\":\"https:\/\/intercultural-festival.de\/wp-content\/uploads\/2024\/08\/richter_frank_20041960_rdax_510x510_80s.jpg\",\"link\":\"https:\/\/intercultural-festival.de\/index.php\/wer-uns-unterstuetzt\/richter_frank_20041960_rdax_510x510_80s\/\",\"alt\":\"\",\"description\":\"\",\"caption\":\"\",\"mime\":\"image\/jpeg\",\"type\":\"image\",\"width\":510,\"height\":510,\"sizes\":{\"thumbnail\":{\"height\":150,\"width\":150,\"url\":\"https:\/\/intercultural-festival.de\/wp-content\/uploads\/2024\/08\/richter_frank_20041960_rdax_510x510_80s-150x150.jpg\",\"orientation\":\"landscape\"},\"medium\":{\"height\":300,\"width\":300,\"url\":\"https:\/\/intercultural-festival.de\/wp-content\/uploads\/2024\/08\/richter_frank_20041960_rdax_510x510_80s-300x300.jpg\",\"orientation\":\"landscape\"},\"full\":{\"url\":\"https:\/\/intercultural-festival.de\/wp-content\/uploads\/2024\/08\/richter_frank_20041960_rdax_510x510_80s.jpg\",\"height\":510,\"width\":510,\"orientation\":\"landscape\"}},\"imageMeta\":{\"aperture\":\"7.1\",\"credit\":\"\",\"camera\":\"Canon EOS 50D\",\"caption\":\"\",\"created_timestamp\":\"1634063669\",\"copyright\":\"\",\"focal_length\":\"44\",\"iso\":\"125\",\"shutter_speed\":\"0.0125\",\"title\":\"\",\"orientation\":\"1\",\"keywords\":[]},\"meta\":false,\"postlink\":\"https:\/\/intercultural-festival.de\/index.php\/wer-uns-unterstuetzt\/richter_frank_20041960_rdax_510x510_80s\/\"},{\"id\":110,\"title\":\"SebastianKrumbiegel2019_CreditEnricoMeyer_03-1024x819\",\"url\":\"https:\/\/intercultural-festival.de\/wp-content\/uploads\/2024\/08\/SebastianKrumbiegel2019_CreditEnricoMeyer_03-1024x819-1.jpg\",\"link\":\"https:\/\/intercultural-festival.de\/index.php\/wer-uns-unterstuetzt\/sebastiankrumbiegel2019_creditenricomeyer_03-1024x819\/\",\"alt\":\"\",\"description\":\"\",\"caption\":\"\",\"mime\":\"image\/jpeg\",\"type\":\"image\",\"width\":1024,\"height\":819,\"sizes\":{\"thumbnail\":{\"height\":150,\"width\":150,\"url\":\"https:\/\/intercultural-festival.de\/wp-content\/uploads\/2024\/08\/SebastianKrumbiegel2019_CreditEnricoMeyer_03-1024x819-1-150x150.jpg\",\"orientation\":\"landscape\"},\"medium\":{\"height\":240,\"width\":300,\"url\":\"https:\/\/intercultural-festival.de\/wp-content\/uploads\/2024\/08\/SebastianKrumbiegel2019_CreditEnricoMeyer_03-1024x819-1-300x240.jpg\",\"orientation\":\"landscape\"},\"full\":{\"url\":\"https:\/\/intercultural-festival.de\/wp-content\/uploads\/2024\/08\/SebastianKrumbiegel2019_CreditEnricoMeyer_03-1024x819-1.jpg\",\"height\":819,\"width\":1024,\"orientation\":\"landscape\"}},\"imageMeta\":{\"aperture\":\"13\",\"credit\":\"\",\"camera\":\"ILCE-7\",\"caption\":\"\",\"created_timestamp\":\"1555095660\",\"copyright\":\"\",\"focal_length\":\"37\",\"iso\":\"100\",\"shutter_speed\":\"0.00625\",\"title\":\"\",\"orientation\":\"1\",\"keywords\":[]},\"meta\":false,\"postlink\":\"https:\/\/intercultural-festival.de\/index.php\/wer-uns-unterstuetzt\/sebastiankrumbiegel2019_creditenricomeyer_03-1024x819\/\"},{\"id\":108,\"title\":\"IMAGE-2020-07-02-100742\",\"url\":\"https:\/\/intercultural-festival.de\/wp-content\/uploads\/2024\/08\/IMAGE-2020-07-02-100742.jpg\",\"link\":\"https:\/\/intercultural-festival.de\/index.php\/wer-uns-unterstuetzt\/image-2020-07-02-100742\/\",\"alt\":\"\",\"description\":\"\",\"caption\":\"\",\"mime\":\"image\/jpeg\",\"type\":\"image\",\"width\":795,\"height\":841,\"sizes\":{\"thumbnail\":{\"height\":150,\"width\":150,\"url\":\"https:\/\/intercultural-festival.de\/wp-content\/uploads\/2024\/08\/IMAGE-2020-07-02-100742-150x150.jpg\",\"orientation\":\"landscape\"},\"medium\":{\"height\":300,\"width\":284,\"url\":\"https:\/\/intercultural-festival.de\/wp-content\/uploads\/2024\/08\/IMAGE-2020-07-02-100742-284x300.jpg\",\"orientation\":\"portrait\"},\"full\":{\"url\":\"https:\/\/intercultural-festival.de\/wp-content\/uploads\/2024\/08\/IMAGE-2020-07-02-100742.jpg\",\"height\":841,\"width\":795,\"orientation\":\"portrait\"}},\"imageMeta\":{\"aperture\":\"0\",\"credit\":\"\",\"camera\":\"\",\"caption\":\"\",\"created_timestamp\":\"0\",\"copyright\":\"\",\"focal_length\":\"0\",\"iso\":\"0\",\"shutter_speed\":\"0\",\"title\":\"\",\"orientation\":\"0\",\"keywords\":[]},\"meta\":false,\"postlink\":\"https:\/\/intercultural-festival.de\/index.php\/wer-uns-unterstuetzt\/image-2020-07-02-100742\/\"}],\"itemsMetaDataCollection\":[]}<\/script><script>(function(){if(window.PGC_SGB && window.PGC_SGB.searcher){window.PGC_SGB.searcher.initBlocks()}})()<\/script><\/div>\n\n\n<p><strong>Veranstaltungspartner:<\/strong><\/p>\n\n\n\n<p>Sachsenkeller Mei\u00dfen \u2013 Mit.Menschen e.V. \u2013 JuCLu16 e.V. \u2013 Stadt Mei\u00dfen \u2013 Landkreis Mei\u00dfen \u2013 DGB Sachsen \u2013 Ingenieurb\u00fcro Bauschke<\/p>\n\n\n<div class=\"pgc-sgb-cb wp-block-pgcsimplygalleryblock-masonry \" data-gallery-id=\"af618154\"><div class=\"sgb-preloader\" id=\"pr_af618154\">\n\t<div class=\"sgb-square\" style=\"background:#d4d4d4\"><\/div>\n\t<div class=\"sgb-square\" style=\"background:#d4d4d4\"><\/div>\n\t<div class=\"sgb-square\" style=\"background:#d4d4d4\"><\/div>\n\t<div class=\"sgb-square\" style=\"background:#d4d4d4\"><\/div><\/div><div class=\"simply-gallery-amp pgc_sgb_slider \"><noscript><div class=\"sgb-gallery\"><div class=\"sgb-item\"><a href=\"https:\/\/intercultural-festival.de\/wp-content\/uploads\/2024\/09\/ZfD-Logo_Bannerlogo.jpg\"><img decoding=\"async\" alt=\"\" width=\"300\" height=\"97\" loading=\"lazy\" src=\"https:\/\/intercultural-festival.de\/wp-content\/uploads\/2024\/09\/ZfD-Logo_Bannerlogo-300x97.jpg\" srcset=\"https:\/\/intercultural-festival.de\/wp-content\/uploads\/2024\/09\/ZfD-Logo_Bannerlogo-300x97.jpg 300w,https:\/\/intercultural-festival.de\/wp-content\/uploads\/2024\/09\/ZfD-Logo_Bannerlogo-1024x330.jpg 1024w,https:\/\/intercultural-festival.de\/wp-content\/uploads\/2024\/09\/ZfD-Logo_Bannerlogo.jpg 1908w\" sizes=\"auto, 250px\"\/><\/a><\/div><div class=\"sgb-item\"><a href=\"https:\/\/intercultural-festival.de\/wp-content\/uploads\/2024\/09\/logo-Eckpunkt-freigestellt.png\"><img decoding=\"async\" alt=\"\" width=\"300\" height=\"294\" loading=\"lazy\" src=\"https:\/\/intercultural-festival.de\/wp-content\/uploads\/2024\/09\/logo-Eckpunkt-freigestellt-300x294.png\" srcset=\"https:\/\/intercultural-festival.de\/wp-content\/uploads\/2024\/09\/logo-Eckpunkt-freigestellt-300x294.png 300w,https:\/\/intercultural-festival.de\/wp-content\/uploads\/2024\/09\/logo-Eckpunkt-freigestellt.png 723w\" sizes=\"auto, 250px\"\/><\/a><\/div><div class=\"sgb-item\"><a href=\"https:\/\/intercultural-festival.de\/wp-content\/uploads\/2024\/08\/mitmenschenlogo.jpg\"><img decoding=\"async\" alt=\"\" width=\"300\" height=\"300\" loading=\"lazy\" src=\"https:\/\/intercultural-festival.de\/wp-content\/uploads\/2024\/08\/mitmenschenlogo-300x300.jpg\" srcset=\"https:\/\/intercultural-festival.de\/wp-content\/uploads\/2024\/08\/mitmenschenlogo-300x300.jpg 300w,https:\/\/intercultural-festival.de\/wp-content\/uploads\/2024\/08\/mitmenschenlogo-1024x1024.jpg 1024w,https:\/\/intercultural-festival.de\/wp-content\/uploads\/2024\/08\/mitmenschenlogo.jpg 1995w\" sizes=\"auto, 250px\"\/><\/a><\/div><div class=\"sgb-item\"><a href=\"https:\/\/intercultural-festival.de\/wp-content\/uploads\/2024\/08\/logo_meissen_with_text.png\"><img decoding=\"async\" alt=\"\" width=\"182\" height=\"300\" loading=\"lazy\" src=\"https:\/\/intercultural-festival.de\/wp-content\/uploads\/2024\/08\/logo_meissen_with_text-182x300.png\" srcset=\"https:\/\/intercultural-festival.de\/wp-content\/uploads\/2024\/08\/logo_meissen_with_text-182x300.png 182w,https:\/\/intercultural-festival.de\/wp-content\/uploads\/2024\/08\/logo_meissen_with_text.png 371w\" sizes=\"auto, 250px\"\/><\/a><\/div><div class=\"sgb-item\"><a href=\"https:\/\/intercultural-festival.de\/wp-content\/uploads\/2024\/08\/13384779_10205279601784599_950513216_n.jpg\"><img decoding=\"async\" alt=\"\" width=\"284\" height=\"300\" loading=\"lazy\" src=\"https:\/\/intercultural-festival.de\/wp-content\/uploads\/2024\/08\/13384779_10205279601784599_950513216_n-284x300.jpg\" srcset=\"https:\/\/intercultural-festival.de\/wp-content\/uploads\/2024\/08\/13384779_10205279601784599_950513216_n-284x300.jpg 284w,https:\/\/intercultural-festival.de\/wp-content\/uploads\/2024\/08\/13384779_10205279601784599_950513216_n.jpg 474w\" sizes=\"auto, 250px\"\/><\/a><\/div><div class=\"sgb-item\"><a href=\"https:\/\/intercultural-festival.de\/wp-content\/uploads\/2024\/08\/cropped-JuClu16_Logo_Farbe_02_RGB-1024x671-1.png\"><img decoding=\"async\" alt=\"\" width=\"300\" height=\"197\" loading=\"lazy\" src=\"https:\/\/intercultural-festival.de\/wp-content\/uploads\/2024\/08\/cropped-JuClu16_Logo_Farbe_02_RGB-1024x671-1-300x197.png\" srcset=\"https:\/\/intercultural-festival.de\/wp-content\/uploads\/2024\/08\/cropped-JuClu16_Logo_Farbe_02_RGB-1024x671-1-300x197.png 300w,https:\/\/intercultural-festival.de\/wp-content\/uploads\/2024\/08\/cropped-JuClu16_Logo_Farbe_02_RGB-1024x671-1.png 1024w\" sizes=\"auto, 250px\"\/><\/a><\/div><div class=\"sgb-item\"><a href=\"https:\/\/intercultural-festival.de\/wp-content\/uploads\/2024\/08\/cropped-Logo-768x250-1.png\"><img decoding=\"async\" alt=\"\" width=\"300\" height=\"98\" loading=\"lazy\" src=\"https:\/\/intercultural-festival.de\/wp-content\/uploads\/2024\/08\/cropped-Logo-768x250-1-300x98.png\" srcset=\"https:\/\/intercultural-festival.de\/wp-content\/uploads\/2024\/08\/cropped-Logo-768x250-1-300x98.png 300w,https:\/\/intercultural-festival.de\/wp-content\/uploads\/2024\/08\/cropped-Logo-768x250-1.png 768w\" sizes=\"auto, 250px\"\/><\/a><\/div><div class=\"sgb-item\"><a href=\"https:\/\/intercultural-festival.de\/wp-content\/uploads\/2024\/08\/dgb.png\"><img decoding=\"async\" alt=\"\" width=\"225\" height=\"225\" loading=\"lazy\" src=\"https:\/\/intercultural-festival.de\/wp-content\/uploads\/2024\/08\/dgb.png\" srcset=\",https:\/\/intercultural-festival.de\/wp-content\/uploads\/2024\/08\/dgb.png 225w\" sizes=\"auto, 250px\"\/><\/a><\/div><\/div><\/noscript><\/div><script type=\"application\/json\" class=\"sgb-data\">{\"galleryType\":\"pgc_sgb_masonry\",\"galleryId\":\"af618154\",\"images\":[{\"id\":279,\"title\":\"ZfD-Logo_Bannerlogo\",\"url\":\"https:\/\/intercultural-festival.de\/wp-content\/uploads\/2024\/09\/ZfD-Logo_Bannerlogo.jpg\",\"link\":\"https:\/\/intercultural-festival.de\/index.php\/wer-uns-unterstuetzt\/zfd-logo_bannerlogo\/\",\"alt\":\"\",\"description\":\"\",\"caption\":\"\",\"mime\":\"image\/jpeg\",\"type\":\"image\",\"width\":1908,\"height\":614,\"sizes\":{\"thumbnail\":{\"height\":150,\"width\":150,\"url\":\"https:\/\/intercultural-festival.de\/wp-content\/uploads\/2024\/09\/ZfD-Logo_Bannerlogo-150x150.jpg\",\"orientation\":\"landscape\"},\"medium\":{\"height\":97,\"width\":300,\"url\":\"https:\/\/intercultural-festival.de\/wp-content\/uploads\/2024\/09\/ZfD-Logo_Bannerlogo-300x97.jpg\",\"orientation\":\"landscape\"},\"large\":{\"height\":330,\"width\":1024,\"url\":\"https:\/\/intercultural-festival.de\/wp-content\/uploads\/2024\/09\/ZfD-Logo_Bannerlogo-1024x330.jpg\",\"orientation\":\"landscape\"},\"full\":{\"url\":\"https:\/\/intercultural-festival.de\/wp-content\/uploads\/2024\/09\/ZfD-Logo_Bannerlogo.jpg\",\"height\":614,\"width\":1908,\"orientation\":\"landscape\"}},\"imageMeta\":{\"aperture\":\"0\",\"credit\":\"\",\"camera\":\"\",\"caption\":\"\",\"created_timestamp\":\"0\",\"copyright\":\"\",\"focal_length\":\"0\",\"iso\":\"0\",\"shutter_speed\":\"0\",\"title\":\"\",\"orientation\":\"0\",\"keywords\":[]},\"meta\":false},{\"id\":277,\"title\":\"logo-Eckpunkt-freigestellt\",\"url\":\"https:\/\/intercultural-festival.de\/wp-content\/uploads\/2024\/09\/logo-Eckpunkt-freigestellt.png\",\"link\":\"https:\/\/intercultural-festival.de\/index.php\/wer-uns-unterstuetzt\/logo-eckpunkt-freigestellt\/\",\"alt\":\"\",\"description\":\"\",\"caption\":\"\",\"mime\":\"image\/png\",\"type\":\"image\",\"width\":723,\"height\":708,\"sizes\":{\"thumbnail\":{\"height\":150,\"width\":150,\"url\":\"https:\/\/intercultural-festival.de\/wp-content\/uploads\/2024\/09\/logo-Eckpunkt-freigestellt-150x150.png\",\"orientation\":\"landscape\"},\"medium\":{\"height\":294,\"width\":300,\"url\":\"https:\/\/intercultural-festival.de\/wp-content\/uploads\/2024\/09\/logo-Eckpunkt-freigestellt-300x294.png\",\"orientation\":\"landscape\"},\"full\":{\"url\":\"https:\/\/intercultural-festival.de\/wp-content\/uploads\/2024\/09\/logo-Eckpunkt-freigestellt.png\",\"height\":708,\"width\":723,\"orientation\":\"landscape\"}},\"imageMeta\":{\"aperture\":\"0\",\"credit\":\"\",\"camera\":\"\",\"caption\":\"\",\"created_timestamp\":\"0\",\"copyright\":\"\",\"focal_length\":\"0\",\"iso\":\"0\",\"shutter_speed\":\"0\",\"title\":\"\",\"orientation\":\"0\",\"keywords\":[]},\"meta\":false},{\"id\":119,\"title\":\"mitmenschenlogo\",\"url\":\"https:\/\/intercultural-festival.de\/wp-content\/uploads\/2024\/08\/mitmenschenlogo.jpg\",\"link\":\"https:\/\/intercultural-festival.de\/index.php\/wer-uns-unterstuetzt\/mitmenschenlogo\/\",\"alt\":\"\",\"description\":\"\",\"caption\":\"\",\"mime\":\"image\/jpeg\",\"type\":\"image\",\"width\":1995,\"height\":1995,\"sizes\":{\"thumbnail\":{\"height\":150,\"width\":150,\"url\":\"https:\/\/intercultural-festival.de\/wp-content\/uploads\/2024\/08\/mitmenschenlogo-150x150.jpg\",\"orientation\":\"landscape\"},\"medium\":{\"height\":300,\"width\":300,\"url\":\"https:\/\/intercultural-festival.de\/wp-content\/uploads\/2024\/08\/mitmenschenlogo-300x300.jpg\",\"orientation\":\"landscape\"},\"large\":{\"height\":1024,\"width\":1024,\"url\":\"https:\/\/intercultural-festival.de\/wp-content\/uploads\/2024\/08\/mitmenschenlogo-1024x1024.jpg\",\"orientation\":\"landscape\"},\"full\":{\"url\":\"https:\/\/intercultural-festival.de\/wp-content\/uploads\/2024\/08\/mitmenschenlogo.jpg\",\"height\":1995,\"width\":1995,\"orientation\":\"landscape\"}},\"imageMeta\":{\"aperture\":\"0\",\"credit\":\"\",\"camera\":\"\",\"caption\":\"\",\"created_timestamp\":\"0\",\"copyright\":\"\",\"focal_length\":\"0\",\"iso\":\"0\",\"shutter_speed\":\"0\",\"title\":\"\",\"orientation\":\"0\",\"keywords\":[]},\"meta\":false},{\"id\":118,\"title\":\"logo_meissen_with_text\",\"url\":\"https:\/\/intercultural-festival.de\/wp-content\/uploads\/2024\/08\/logo_meissen_with_text.png\",\"link\":\"https:\/\/intercultural-festival.de\/index.php\/wer-uns-unterstuetzt\/logo_meissen_with_text\/\",\"alt\":\"\",\"description\":\"\",\"caption\":\"\",\"mime\":\"image\/png\",\"type\":\"image\",\"width\":371,\"height\":611,\"sizes\":{\"thumbnail\":{\"height\":150,\"width\":150,\"url\":\"https:\/\/intercultural-festival.de\/wp-content\/uploads\/2024\/08\/logo_meissen_with_text-150x150.png\",\"orientation\":\"landscape\"},\"medium\":{\"height\":300,\"width\":182,\"url\":\"https:\/\/intercultural-festival.de\/wp-content\/uploads\/2024\/08\/logo_meissen_with_text-182x300.png\",\"orientation\":\"portrait\"},\"full\":{\"url\":\"https:\/\/intercultural-festival.de\/wp-content\/uploads\/2024\/08\/logo_meissen_with_text.png\",\"height\":611,\"width\":371,\"orientation\":\"portrait\"}},\"imageMeta\":{\"aperture\":\"0\",\"credit\":\"\",\"camera\":\"\",\"caption\":\"\",\"created_timestamp\":\"0\",\"copyright\":\"\",\"focal_length\":\"0\",\"iso\":\"0\",\"shutter_speed\":\"0\",\"title\":\"\",\"orientation\":\"0\",\"keywords\":[]},\"meta\":false},{\"id\":117,\"title\":\"13384779_10205279601784599_950513216_n\",\"url\":\"https:\/\/intercultural-festival.de\/wp-content\/uploads\/2024\/08\/13384779_10205279601784599_950513216_n.jpg\",\"link\":\"https:\/\/intercultural-festival.de\/index.php\/wer-uns-unterstuetzt\/13384779_10205279601784599_950513216_n\/\",\"alt\":\"\",\"description\":\"\",\"caption\":\"\",\"mime\":\"image\/jpeg\",\"type\":\"image\",\"width\":474,\"height\":501,\"sizes\":{\"thumbnail\":{\"height\":150,\"width\":150,\"url\":\"https:\/\/intercultural-festival.de\/wp-content\/uploads\/2024\/08\/13384779_10205279601784599_950513216_n-150x150.jpg\",\"orientation\":\"landscape\"},\"medium\":{\"height\":300,\"width\":284,\"url\":\"https:\/\/intercultural-festival.de\/wp-content\/uploads\/2024\/08\/13384779_10205279601784599_950513216_n-284x300.jpg\",\"orientation\":\"portrait\"},\"full\":{\"url\":\"https:\/\/intercultural-festival.de\/wp-content\/uploads\/2024\/08\/13384779_10205279601784599_950513216_n.jpg\",\"height\":501,\"width\":474,\"orientation\":\"portrait\"}},\"imageMeta\":{\"aperture\":\"0\",\"credit\":\"Picasa\",\"camera\":\"\",\"caption\":\"\",\"created_timestamp\":\"1465395958\",\"copyright\":\"\",\"focal_length\":\"0\",\"iso\":\"0\",\"shutter_speed\":\"0\",\"title\":\"\",\"orientation\":\"0\",\"keywords\":[]},\"meta\":false},{\"id\":116,\"title\":\"cropped-JuClu16_Logo_Farbe_02_RGB-1024x671\",\"url\":\"https:\/\/intercultural-festival.de\/wp-content\/uploads\/2024\/08\/cropped-JuClu16_Logo_Farbe_02_RGB-1024x671-1.png\",\"link\":\"https:\/\/intercultural-festival.de\/index.php\/wer-uns-unterstuetzt\/cropped-juclu16_logo_farbe_02_rgb-1024x671\/\",\"alt\":\"\",\"description\":\"\",\"caption\":\"\",\"mime\":\"image\/png\",\"type\":\"image\",\"width\":1024,\"height\":671,\"sizes\":{\"thumbnail\":{\"height\":150,\"width\":150,\"url\":\"https:\/\/intercultural-festival.de\/wp-content\/uploads\/2024\/08\/cropped-JuClu16_Logo_Farbe_02_RGB-1024x671-1-150x150.png\",\"orientation\":\"landscape\"},\"medium\":{\"height\":197,\"width\":300,\"url\":\"https:\/\/intercultural-festival.de\/wp-content\/uploads\/2024\/08\/cropped-JuClu16_Logo_Farbe_02_RGB-1024x671-1-300x197.png\",\"orientation\":\"landscape\"},\"full\":{\"url\":\"https:\/\/intercultural-festival.de\/wp-content\/uploads\/2024\/08\/cropped-JuClu16_Logo_Farbe_02_RGB-1024x671-1.png\",\"height\":671,\"width\":1024,\"orientation\":\"landscape\"}},\"imageMeta\":{\"aperture\":\"0\",\"credit\":\"\",\"camera\":\"\",\"caption\":\"\",\"created_timestamp\":\"0\",\"copyright\":\"\",\"focal_length\":\"0\",\"iso\":\"0\",\"shutter_speed\":\"0\",\"title\":\"\",\"orientation\":\"0\",\"keywords\":[]},\"meta\":false},{\"id\":124,\"title\":\"cropped-Logo-768x250\",\"url\":\"https:\/\/intercultural-festival.de\/wp-content\/uploads\/2024\/08\/cropped-Logo-768x250-1.png\",\"link\":\"https:\/\/intercultural-festival.de\/index.php\/wer-uns-unterstuetzt\/cropped-logo-768x250\/\",\"alt\":\"\",\"description\":\"\",\"caption\":\"\",\"mime\":\"image\/png\",\"type\":\"image\",\"width\":768,\"height\":250,\"sizes\":{\"thumbnail\":{\"height\":150,\"width\":150,\"url\":\"https:\/\/intercultural-festival.de\/wp-content\/uploads\/2024\/08\/cropped-Logo-768x250-1-150x150.png\",\"orientation\":\"landscape\"},\"medium\":{\"height\":98,\"width\":300,\"url\":\"https:\/\/intercultural-festival.de\/wp-content\/uploads\/2024\/08\/cropped-Logo-768x250-1-300x98.png\",\"orientation\":\"landscape\"},\"full\":{\"url\":\"https:\/\/intercultural-festival.de\/wp-content\/uploads\/2024\/08\/cropped-Logo-768x250-1.png\",\"height\":250,\"width\":768,\"orientation\":\"landscape\"}},\"imageMeta\":{\"aperture\":\"0\",\"credit\":\"\",\"camera\":\"\",\"caption\":\"\",\"created_timestamp\":\"0\",\"copyright\":\"\",\"focal_length\":\"0\",\"iso\":\"0\",\"shutter_speed\":\"0\",\"title\":\"\",\"orientation\":\"0\",\"keywords\":[]},\"meta\":false},{\"id\":194,\"title\":\"dgb\",\"url\":\"https:\/\/intercultural-festival.de\/wp-content\/uploads\/2024\/08\/dgb.png\",\"link\":\"https:\/\/intercultural-festival.de\/index.php\/wer-uns-unterstuetzt\/dgb\/\",\"alt\":\"\",\"description\":\"\",\"caption\":\"\",\"mime\":\"image\/png\",\"type\":\"image\",\"width\":225,\"height\":225,\"sizes\":{\"thumbnail\":{\"height\":150,\"width\":150,\"url\":\"https:\/\/intercultural-festival.de\/wp-content\/uploads\/2024\/08\/dgb-150x150.png\",\"orientation\":\"landscape\"},\"full\":{\"url\":\"https:\/\/intercultural-festival.de\/wp-content\/uploads\/2024\/08\/dgb.png\",\"height\":225,\"width\":225,\"orientation\":\"landscape\"}},\"imageMeta\":{\"aperture\":\"0\",\"credit\":\"\",\"camera\":\"\",\"caption\":\"\",\"created_timestamp\":\"0\",\"copyright\":\"\",\"focal_length\":\"0\",\"iso\":\"0\",\"shutter_speed\":\"0\",\"title\":\"\",\"orientation\":\"0\",\"keywords\":[]},\"meta\":false}],\"itemsMetaDataCollection\":[]}<\/script><script>(function(){if(window.PGC_SGB && window.PGC_SGB.searcher){window.PGC_SGB.searcher.initBlocks()}})()<\/script><\/div>\n\n\n<p><strong>F\u00f6rderungen:<\/strong><\/p>\n\n\n\n<p>Integrative Ma\u00dfnahmen Freistaat Sachsen \u2013 Partnerschaft f\u00fcr Demokratie Mei\u00dfen \u2013 Landkreis Mei\u00dfen \u2013 Amadeu Antonio Stiftung<\/p>\n\n\n<div class=\"pgc-sgb-cb wp-block-pgcsimplygalleryblock-masonry \" data-gallery-id=\"94183504\"><div class=\"sgb-preloader\" id=\"pr_94183504\">\n\t<div class=\"sgb-square\" style=\"background:#d4d4d4\"><\/div>\n\t<div class=\"sgb-square\" style=\"background:#d4d4d4\"><\/div>\n\t<div class=\"sgb-square\" style=\"background:#d4d4d4\"><\/div>\n\t<div class=\"sgb-square\" style=\"background:#d4d4d4\"><\/div><\/div><div class=\"simply-gallery-amp pgc_sgb_slider \"><noscript><div class=\"sgb-gallery\"><div class=\"sgb-item\"><a href=\"https:\/\/intercultural-festival.de\/index.php\/wer-uns-unterstuetzt\/bmfsfj_dl_mitfoerderzusatz-1024x347-2\/\" target=\"_blank\"><img decoding=\"async\" alt=\"\" width=\"300\" height=\"102\" loading=\"lazy\" src=\"https:\/\/intercultural-festival.de\/wp-content\/uploads\/2024\/08\/BMFSFJ_DL_mitFoerderzusatz-1024x347-2-300x102.jpg\" srcset=\"https:\/\/intercultural-festival.de\/wp-content\/uploads\/2024\/08\/BMFSFJ_DL_mitFoerderzusatz-1024x347-2-300x102.jpg 300w,https:\/\/intercultural-festival.de\/wp-content\/uploads\/2024\/08\/BMFSFJ_DL_mitFoerderzusatz-1024x347-2.jpg 1024w\" sizes=\"auto, 250px\"\/><\/a><\/div><div class=\"sgb-item\"><a href=\"https:\/\/intercultural-festival.de\/index.php\/wer-uns-unterstuetzt\/darstellungseinheit-logos-intm-300dpi-002\/\" target=\"_blank\"><img decoding=\"async\" alt=\"\" width=\"300\" height=\"93\" loading=\"lazy\" src=\"https:\/\/intercultural-festival.de\/wp-content\/uploads\/2024\/08\/darstellungseinheit-logos-intm-300dpi-002-300x93.jpg\" srcset=\"https:\/\/intercultural-festival.de\/wp-content\/uploads\/2024\/08\/darstellungseinheit-logos-intm-300dpi-002-300x93.jpg 300w,https:\/\/intercultural-festival.de\/wp-content\/uploads\/2024\/08\/darstellungseinheit-logos-intm-300dpi-002-1024x318.jpg 1024w,https:\/\/intercultural-festival.de\/wp-content\/uploads\/2024\/08\/darstellungseinheit-logos-intm-300dpi-002.jpg 1942w\" sizes=\"auto, 250px\"\/><\/a><\/div><div class=\"sgb-item\"><a href=\"https:\/\/intercultural-festival.de\/index.php\/wer-uns-unterstuetzt\/logo-saechslandpraevrat-1024x1024\/\" target=\"_blank\"><img decoding=\"async\" alt=\"\" width=\"300\" height=\"300\" loading=\"lazy\" src=\"https:\/\/intercultural-festival.de\/wp-content\/uploads\/2024\/08\/Logo-SaechsLandPraevRat-1024x1024-1-300x300.png\" srcset=\"https:\/\/intercultural-festival.de\/wp-content\/uploads\/2024\/08\/Logo-SaechsLandPraevRat-1024x1024-1-300x300.png 300w,https:\/\/intercultural-festival.de\/wp-content\/uploads\/2024\/08\/Logo-SaechsLandPraevRat-1024x1024-1.png 1024w\" sizes=\"auto, 250px\"\/><\/a><\/div><div class=\"sgb-item\"><a href=\"https:\/\/intercultural-festival.de\/index.php\/wer-uns-unterstuetzt\/logo_aas_signatur_b8fea745-4b73-4890-b130-927288bf7083\/\" target=\"_blank\"><img decoding=\"async\" alt=\"\" width=\"90\" height=\"73\" loading=\"lazy\" src=\"https:\/\/intercultural-festival.de\/wp-content\/uploads\/2024\/08\/Logo_AAS_Signatur_b8fea745-4b73-4890-b130-927288bf7083.gif\" srcset=\",https:\/\/intercultural-festival.de\/wp-content\/uploads\/2024\/08\/Logo_AAS_Signatur_b8fea745-4b73-4890-b130-927288bf7083.gif 90w\" sizes=\"auto, 250px\"\/><\/a><\/div><div class=\"sgb-item\"><a href=\"https:\/\/intercultural-festival.de\/index.php\/wer-uns-unterstuetzt\/logo_landkreis_meissen\/\" target=\"_blank\"><img decoding=\"async\" alt=\"\" width=\"300\" height=\"141\" loading=\"lazy\" src=\"https:\/\/intercultural-festival.de\/wp-content\/uploads\/2024\/08\/Logo_Landkreis_Meissen-300x141.png\" srcset=\"https:\/\/intercultural-festival.de\/wp-content\/uploads\/2024\/08\/Logo_Landkreis_Meissen-300x141.png 300w,https:\/\/intercultural-festival.de\/wp-content\/uploads\/2024\/08\/Logo_Landkreis_Meissen.png 800w\" sizes=\"auto, 250px\"\/><\/a><\/div><div class=\"sgb-item\"><a href=\"https:\/\/intercultural-festival.de\/logo-saechslandpraevrat-1024x1024-2\/\" target=\"_blank\"><img decoding=\"async\" alt=\"\" width=\"300\" height=\"169\" loading=\"lazy\" src=\"https:\/\/intercultural-festival.de\/wp-content\/uploads\/2024\/08\/Logo-SaechsLandPraevRat-1024x1024-1-edited-300x169.png\" srcset=\"https:\/\/intercultural-festival.de\/wp-content\/uploads\/2024\/08\/Logo-SaechsLandPraevRat-1024x1024-1-edited-300x169.png 300w,https:\/\/intercultural-festival.de\/wp-content\/uploads\/2024\/08\/Logo-SaechsLandPraevRat-1024x1024-1-edited.png 1023w\" sizes=\"auto, 250px\"\/><\/a><\/div><div class=\"sgb-item\"><a href=\"https:\/\/intercultural-festival.de\/index.php\/wer-uns-unterstuetzt\/logo-pfd\/\" target=\"_blank\"><img decoding=\"async\" alt=\"\" width=\"300\" height=\"230\" loading=\"lazy\" src=\"https:\/\/intercultural-festival.de\/wp-content\/uploads\/2024\/08\/Logo-PfD-300x230.png\" srcset=\"https:\/\/intercultural-festival.de\/wp-content\/uploads\/2024\/08\/Logo-PfD-300x230.png 300w,https:\/\/intercultural-festival.de\/wp-content\/uploads\/2024\/08\/Logo-PfD.png 346w\" sizes=\"auto, 250px\"\/><\/a><\/div><\/div><\/noscript><\/div><script type=\"application\/json\" class=\"sgb-data\">{\"galleryType\":\"pgc_sgb_masonry\",\"galleryId\":\"94183504\",\"images\":[{\"id\":130,\"title\":\"BMFSFJ_DL_mitFoerderzusatz-1024x347\",\"url\":\"https:\/\/intercultural-festival.de\/wp-content\/uploads\/2024\/08\/BMFSFJ_DL_mitFoerderzusatz-1024x347-2.jpg\",\"link\":\"https:\/\/intercultural-festival.de\/index.php\/wer-uns-unterstuetzt\/bmfsfj_dl_mitfoerderzusatz-1024x347-2\/\",\"alt\":\"\",\"description\":\"\",\"caption\":\"\",\"mime\":\"image\/jpeg\",\"type\":\"image\",\"width\":1024,\"height\":347,\"sizes\":{\"thumbnail\":{\"height\":150,\"width\":150,\"url\":\"https:\/\/intercultural-festival.de\/wp-content\/uploads\/2024\/08\/BMFSFJ_DL_mitFoerderzusatz-1024x347-2-150x150.jpg\",\"orientation\":\"landscape\"},\"medium\":{\"height\":102,\"width\":300,\"url\":\"https:\/\/intercultural-festival.de\/wp-content\/uploads\/2024\/08\/BMFSFJ_DL_mitFoerderzusatz-1024x347-2-300x102.jpg\",\"orientation\":\"landscape\"},\"full\":{\"url\":\"https:\/\/intercultural-festival.de\/wp-content\/uploads\/2024\/08\/BMFSFJ_DL_mitFoerderzusatz-1024x347-2.jpg\",\"height\":347,\"width\":1024,\"orientation\":\"landscape\"}},\"imageMeta\":{\"aperture\":\"0\",\"credit\":\"\",\"camera\":\"\",\"caption\":\"\",\"created_timestamp\":\"0\",\"copyright\":\"\",\"focal_length\":\"0\",\"iso\":\"0\",\"shutter_speed\":\"0\",\"title\":\"\",\"orientation\":\"0\",\"keywords\":[]},\"meta\":false,\"postlink\":\"https:\/\/intercultural-festival.de\/index.php\/wer-uns-unterstuetzt\/bmfsfj_dl_mitfoerderzusatz-1024x347-2\/\"},{\"id\":128,\"title\":\"darstellungseinheit-logos-intm-300dpi-(002)\",\"url\":\"https:\/\/intercultural-festival.de\/wp-content\/uploads\/2024\/08\/darstellungseinheit-logos-intm-300dpi-002.jpg\",\"link\":\"https:\/\/intercultural-festival.de\/index.php\/wer-uns-unterstuetzt\/darstellungseinheit-logos-intm-300dpi-002\/\",\"alt\":\"\",\"description\":\"\",\"caption\":\"\",\"mime\":\"image\/jpeg\",\"type\":\"image\",\"width\":1942,\"height\":604,\"sizes\":{\"thumbnail\":{\"height\":150,\"width\":150,\"url\":\"https:\/\/intercultural-festival.de\/wp-content\/uploads\/2024\/08\/darstellungseinheit-logos-intm-300dpi-002-150x150.jpg\",\"orientation\":\"landscape\"},\"medium\":{\"height\":93,\"width\":300,\"url\":\"https:\/\/intercultural-festival.de\/wp-content\/uploads\/2024\/08\/darstellungseinheit-logos-intm-300dpi-002-300x93.jpg\",\"orientation\":\"landscape\"},\"large\":{\"height\":318,\"width\":1024,\"url\":\"https:\/\/intercultural-festival.de\/wp-content\/uploads\/2024\/08\/darstellungseinheit-logos-intm-300dpi-002-1024x318.jpg\",\"orientation\":\"landscape\"},\"full\":{\"url\":\"https:\/\/intercultural-festival.de\/wp-content\/uploads\/2024\/08\/darstellungseinheit-logos-intm-300dpi-002.jpg\",\"height\":604,\"width\":1942,\"orientation\":\"landscape\"}},\"imageMeta\":{\"aperture\":\"0\",\"credit\":\"\",\"camera\":\"\",\"caption\":\"\",\"created_timestamp\":\"0\",\"copyright\":\"\",\"focal_length\":\"0\",\"iso\":\"0\",\"shutter_speed\":\"0\",\"title\":\"\",\"orientation\":\"0\",\"keywords\":[]},\"meta\":false,\"postlink\":\"https:\/\/intercultural-festival.de\/index.php\/wer-uns-unterstuetzt\/darstellungseinheit-logos-intm-300dpi-002\/\"},{\"id\":126,\"title\":\"Logo-SaechsLandPraevRat-1024x1024\",\"url\":\"https:\/\/intercultural-festival.de\/wp-content\/uploads\/2024\/08\/Logo-SaechsLandPraevRat-1024x1024-1.png\",\"link\":\"https:\/\/intercultural-festival.de\/index.php\/wer-uns-unterstuetzt\/logo-saechslandpraevrat-1024x1024\/\",\"alt\":\"\",\"description\":\"\",\"caption\":\"\",\"mime\":\"image\/png\",\"type\":\"image\",\"width\":1024,\"height\":1024,\"sizes\":{\"thumbnail\":{\"height\":150,\"width\":150,\"url\":\"https:\/\/intercultural-festival.de\/wp-content\/uploads\/2024\/08\/Logo-SaechsLandPraevRat-1024x1024-1-150x150.png\",\"orientation\":\"landscape\"},\"medium\":{\"height\":300,\"width\":300,\"url\":\"https:\/\/intercultural-festival.de\/wp-content\/uploads\/2024\/08\/Logo-SaechsLandPraevRat-1024x1024-1-300x300.png\",\"orientation\":\"landscape\"},\"full\":{\"url\":\"https:\/\/intercultural-festival.de\/wp-content\/uploads\/2024\/08\/Logo-SaechsLandPraevRat-1024x1024-1.png\",\"height\":1024,\"width\":1024,\"orientation\":\"landscape\"}},\"imageMeta\":{\"aperture\":\"0\",\"credit\":\"\",\"camera\":\"\",\"caption\":\"\",\"created_timestamp\":\"0\",\"copyright\":\"\",\"focal_length\":\"0\",\"iso\":\"0\",\"shutter_speed\":\"0\",\"title\":\"\",\"orientation\":\"0\",\"keywords\":[]},\"meta\":false,\"postlink\":\"https:\/\/intercultural-festival.de\/index.php\/wer-uns-unterstuetzt\/logo-saechslandpraevrat-1024x1024\/\"},{\"id\":125,\"title\":\"Logo_AAS_Signatur_b8fea745-4b73-4890-b130-927288bf7083\",\"url\":\"https:\/\/intercultural-festival.de\/wp-content\/uploads\/2024\/08\/Logo_AAS_Signatur_b8fea745-4b73-4890-b130-927288bf7083.gif\",\"link\":\"https:\/\/intercultural-festival.de\/index.php\/wer-uns-unterstuetzt\/logo_aas_signatur_b8fea745-4b73-4890-b130-927288bf7083\/\",\"alt\":\"\",\"description\":\"\",\"caption\":\"\",\"mime\":\"image\/gif\",\"type\":\"image\",\"width\":90,\"height\":73,\"sizes\":{\"full\":{\"url\":\"https:\/\/intercultural-festival.de\/wp-content\/uploads\/2024\/08\/Logo_AAS_Signatur_b8fea745-4b73-4890-b130-927288bf7083.gif\",\"height\":73,\"width\":90,\"orientation\":\"landscape\"}},\"imageMeta\":{\"aperture\":\"0\",\"credit\":\"\",\"camera\":\"\",\"caption\":\"\",\"created_timestamp\":\"0\",\"copyright\":\"\",\"focal_length\":\"0\",\"iso\":\"0\",\"shutter_speed\":\"0\",\"title\":\"\",\"orientation\":\"0\",\"keywords\":[]},\"meta\":false,\"postlink\":\"https:\/\/intercultural-festival.de\/index.php\/wer-uns-unterstuetzt\/logo_aas_signatur_b8fea745-4b73-4890-b130-927288bf7083\/\"},{\"id\":127,\"title\":\"Logo_Landkreis_Mei\u00dfen\",\"url\":\"https:\/\/intercultural-festival.de\/wp-content\/uploads\/2024\/08\/Logo_Landkreis_Meissen.png\",\"link\":\"https:\/\/intercultural-festival.de\/index.php\/wer-uns-unterstuetzt\/logo_landkreis_meissen\/\",\"alt\":\"\",\"description\":\"\",\"caption\":\"\",\"mime\":\"image\/png\",\"type\":\"image\",\"width\":800,\"height\":376,\"sizes\":{\"thumbnail\":{\"height\":150,\"width\":150,\"url\":\"https:\/\/intercultural-festival.de\/wp-content\/uploads\/2024\/08\/Logo_Landkreis_Meissen-150x150.png\",\"orientation\":\"landscape\"},\"medium\":{\"height\":141,\"width\":300,\"url\":\"https:\/\/intercultural-festival.de\/wp-content\/uploads\/2024\/08\/Logo_Landkreis_Meissen-300x141.png\",\"orientation\":\"landscape\"},\"full\":{\"url\":\"https:\/\/intercultural-festival.de\/wp-content\/uploads\/2024\/08\/Logo_Landkreis_Meissen.png\",\"height\":376,\"width\":800,\"orientation\":\"landscape\"}},\"imageMeta\":{\"aperture\":\"0\",\"credit\":\"\",\"camera\":\"\",\"caption\":\"\",\"created_timestamp\":\"0\",\"copyright\":\"\",\"focal_length\":\"0\",\"iso\":\"0\",\"shutter_speed\":\"0\",\"title\":\"\",\"orientation\":\"0\",\"keywords\":[]},\"meta\":false,\"postlink\":\"https:\/\/intercultural-festival.de\/index.php\/wer-uns-unterstuetzt\/logo_landkreis_meissen\/\"},{\"id\":133,\"title\":\"Logo-SaechsLandPraevRat-1024x1024\",\"url\":\"https:\/\/intercultural-festival.de\/wp-content\/uploads\/2024\/08\/Logo-SaechsLandPraevRat-1024x1024-1-edited.png\",\"link\":\"https:\/\/intercultural-festival.de\/logo-saechslandpraevrat-1024x1024-2\/\",\"alt\":\"\",\"description\":\"\",\"caption\":\"\",\"mime\":\"image\/png\",\"type\":\"image\",\"width\":1023,\"height\":575,\"sizes\":{\"thumbnail\":{\"height\":150,\"width\":150,\"url\":\"https:\/\/intercultural-festival.de\/wp-content\/uploads\/2024\/08\/Logo-SaechsLandPraevRat-1024x1024-1-edited-150x150.png\",\"orientation\":\"landscape\"},\"medium\":{\"height\":169,\"width\":300,\"url\":\"https:\/\/intercultural-festival.de\/wp-content\/uploads\/2024\/08\/Logo-SaechsLandPraevRat-1024x1024-1-edited-300x169.png\",\"orientation\":\"landscape\"},\"full\":{\"url\":\"https:\/\/intercultural-festival.de\/wp-content\/uploads\/2024\/08\/Logo-SaechsLandPraevRat-1024x1024-1-edited.png\",\"height\":575,\"width\":1023,\"orientation\":\"landscape\"}},\"imageMeta\":{\"aperture\":\"0\",\"credit\":\"\",\"camera\":\"\",\"caption\":\"\",\"created_timestamp\":\"0\",\"copyright\":\"\",\"focal_length\":\"0\",\"iso\":\"0\",\"shutter_speed\":\"0\",\"title\":\"\",\"orientation\":\"0\",\"keywords\":[]},\"meta\":false,\"postlink\":\"https:\/\/intercultural-festival.de\/logo-saechslandpraevrat-1024x1024-2\/\"},{\"id\":123,\"title\":\"Logo PfD\",\"url\":\"https:\/\/intercultural-festival.de\/wp-content\/uploads\/2024\/08\/Logo-PfD.png\",\"link\":\"https:\/\/intercultural-festival.de\/index.php\/wer-uns-unterstuetzt\/logo-pfd\/\",\"alt\":\"\",\"description\":\"\",\"caption\":\"\",\"mime\":\"image\/png\",\"type\":\"image\",\"width\":346,\"height\":265,\"sizes\":{\"thumbnail\":{\"height\":150,\"width\":150,\"url\":\"https:\/\/intercultural-festival.de\/wp-content\/uploads\/2024\/08\/Logo-PfD-150x150.png\",\"orientation\":\"landscape\"},\"medium\":{\"height\":230,\"width\":300,\"url\":\"https:\/\/intercultural-festival.de\/wp-content\/uploads\/2024\/08\/Logo-PfD-300x230.png\",\"orientation\":\"landscape\"},\"full\":{\"url\":\"https:\/\/intercultural-festival.de\/wp-content\/uploads\/2024\/08\/Logo-PfD.png\",\"height\":265,\"width\":346,\"orientation\":\"landscape\"}},\"imageMeta\":{\"aperture\":\"0\",\"credit\":\"\",\"camera\":\"\",\"caption\":\"\",\"created_timestamp\":\"0\",\"copyright\":\"\",\"focal_length\":\"0\",\"iso\":\"0\",\"shutter_speed\":\"0\",\"title\":\"\",\"orientation\":\"0\",\"keywords\":[]},\"meta\":false,\"postlink\":\"https:\/\/intercultural-festival.de\/index.php\/wer-uns-unterstuetzt\/logo-pfd\/\"}],\"itemsMetaDataCollection\":[]}<\/script><script>(function(){if(window.PGC_SGB && window.PGC_SGB.searcher){window.PGC_SGB.searcher.initBlocks()}})()<\/script><\/div>","protected":false},"excerpt":{"rendered":"<p>Seit 2020 haben wir eine Vielfalt an Unterst\u00fctzung erfahren. Diese hat es uns erst erm\u00f6glicht, dass wir das Intercultural Festival &hellip; <a href=\"https:\/\/intercultural-festival.de\/index.php\/wer-uns-unterstuetzt\/\" class=\"more-link\"><span class=\"more-button\">Continue Reading<span class=\"screen-reader-text\">Wer uns unterst\u00fctzt<\/span><\/span><\/a><\/p>\n","protected":false},"author":1,"featured_media":0,"parent":0,"menu_order":0,"comment_status":"closed","ping_status":"closed","template":"","meta":{"pgc_sgb_lightbox_settings":"","footnotes":""},"class_list":["post-16","page","type-page","status-publish","hentry"],"yoast_head":"<!-- This site is optimized with the Yoast SEO plugin v27.5 - https:\/\/yoast.com\/product\/yoast-seo-wordpress\/ -->\n<title>Wer uns unterst\u00fctzt - Intercultural Festival<\/title>\n<meta name=\"robots\" content=\"index, follow, max-snippet:-1, max-image-preview:large, max-video-preview:-1\" \/>\n<link rel=\"canonical\" href=\"https:\/\/intercultural-festival.de\/index.php\/wer-uns-unterstuetzt\/\" \/>\n<meta property=\"og:locale\" content=\"de_DE\" \/>\n<meta property=\"og:type\" content=\"article\" \/>\n<meta property=\"og:title\" content=\"Wer uns unterst\u00fctzt - Intercultural Festival\" \/>\n<meta property=\"og:description\" content=\"Seit 2020 haben wir eine Vielfalt an Unterst\u00fctzung erfahren. Diese hat es uns erst erm\u00f6glicht, dass wir das Intercultural Festival &hellip; Continue ReadingWer uns unterst\u00fctzt\" \/>\n<meta property=\"og:url\" content=\"https:\/\/intercultural-festival.de\/index.php\/wer-uns-unterstuetzt\/\" \/>\n<meta property=\"og:site_name\" content=\"Intercultural Festival\" \/>\n<meta property=\"article:modified_time\" content=\"2024-09-26T12:56:54+00:00\" \/>\n<meta property=\"og:image\" content=\"https:\/\/intercultural-festival.de\/wp-content\/uploads\/2024\/08\/KJB_Susann_Ruetrich_rdax_1460x971_87s-1024x681.jpg\" \/>\n<meta name=\"twitter:card\" content=\"summary_large_image\" \/>\n<meta name=\"twitter:label1\" content=\"Gesch\u00e4tzte Lesezeit\" \/>\n\t<meta name=\"twitter:data1\" content=\"6\u00a0Minuten\" \/>\n<script type=\"application\/ld+json\" class=\"yoast-schema-graph\">{\"@context\":\"https:\\\/\\\/schema.org\",\"@graph\":[{\"@type\":\"WebPage\",\"@id\":\"https:\\\/\\\/intercultural-festival.de\\\/index.php\\\/wer-uns-unterstuetzt\\\/\",\"url\":\"https:\\\/\\\/intercultural-festival.de\\\/index.php\\\/wer-uns-unterstuetzt\\\/\",\"name\":\"Wer uns unterst\u00fctzt - Intercultural Festival\",\"isPartOf\":{\"@id\":\"https:\\\/\\\/intercultural-festival.de\\\/#website\"},\"primaryImageOfPage\":{\"@id\":\"https:\\\/\\\/intercultural-festival.de\\\/index.php\\\/wer-uns-unterstuetzt\\\/#primaryimage\"},\"image\":{\"@id\":\"https:\\\/\\\/intercultural-festival.de\\\/index.php\\\/wer-uns-unterstuetzt\\\/#primaryimage\"},\"thumbnailUrl\":\"https:\\\/\\\/intercultural-festival.de\\\/wp-content\\\/uploads\\\/2024\\\/08\\\/KJB_Susann_Ruetrich_rdax_1460x971_87s-1024x681.jpg\",\"datePublished\":\"2024-07-15T12:15:10+00:00\",\"dateModified\":\"2024-09-26T12:56:54+00:00\",\"breadcrumb\":{\"@id\":\"https:\\\/\\\/intercultural-festival.de\\\/index.php\\\/wer-uns-unterstuetzt\\\/#breadcrumb\"},\"inLanguage\":\"de\",\"potentialAction\":[{\"@type\":\"ReadAction\",\"target\":[\"https:\\\/\\\/intercultural-festival.de\\\/index.php\\\/wer-uns-unterstuetzt\\\/\"]}]},{\"@type\":\"ImageObject\",\"inLanguage\":\"de\",\"@id\":\"https:\\\/\\\/intercultural-festival.de\\\/index.php\\\/wer-uns-unterstuetzt\\\/#primaryimage\",\"url\":\"https:\\\/\\\/intercultural-festival.de\\\/wp-content\\\/uploads\\\/2024\\\/08\\\/KJB_Susann_Ruetrich_rdax_1460x971_87s.jpg\",\"contentUrl\":\"https:\\\/\\\/intercultural-festival.de\\\/wp-content\\\/uploads\\\/2024\\\/08\\\/KJB_Susann_Ruetrich_rdax_1460x971_87s.jpg\",\"width\":1460,\"height\":971},{\"@type\":\"BreadcrumbList\",\"@id\":\"https:\\\/\\\/intercultural-festival.de\\\/index.php\\\/wer-uns-unterstuetzt\\\/#breadcrumb\",\"itemListElement\":[{\"@type\":\"ListItem\",\"position\":1,\"name\":\"Startseite\",\"item\":\"https:\\\/\\\/intercultural-festival.de\\\/\"},{\"@type\":\"ListItem\",\"position\":2,\"name\":\"Wer uns unterst\u00fctzt\"}]},{\"@type\":\"WebSite\",\"@id\":\"https:\\\/\\\/intercultural-festival.de\\\/#website\",\"url\":\"https:\\\/\\\/intercultural-festival.de\\\/\",\"name\":\"Intercultural Festival\",\"description\":\"2026\",\"potentialAction\":[{\"@type\":\"SearchAction\",\"target\":{\"@type\":\"EntryPoint\",\"urlTemplate\":\"https:\\\/\\\/intercultural-festival.de\\\/?s={search_term_string}\"},\"query-input\":{\"@type\":\"PropertyValueSpecification\",\"valueRequired\":true,\"valueName\":\"search_term_string\"}}],\"inLanguage\":\"de\"}]}<\/script>\n<!-- \/ Yoast SEO plugin. -->","yoast_head_json":{"title":"Wer uns unterst\u00fctzt - Intercultural Festival","robots":{"index":"index","follow":"follow","max-snippet":"max-snippet:-1","max-image-preview":"max-image-preview:large","max-video-preview":"max-video-preview:-1"},"canonical":"https:\/\/intercultural-festival.de\/index.php\/wer-uns-unterstuetzt\/","og_locale":"de_DE","og_type":"article","og_title":"Wer uns unterst\u00fctzt - Intercultural Festival","og_description":"Seit 2020 haben wir eine Vielfalt an Unterst\u00fctzung erfahren. Diese hat es uns erst erm\u00f6glicht, dass wir das Intercultural Festival &hellip; Continue ReadingWer uns unterst\u00fctzt","og_url":"https:\/\/intercultural-festival.de\/index.php\/wer-uns-unterstuetzt\/","og_site_name":"Intercultural Festival","article_modified_time":"2024-09-26T12:56:54+00:00","og_image":[{"url":"https:\/\/intercultural-festival.de\/wp-content\/uploads\/2024\/08\/KJB_Susann_Ruetrich_rdax_1460x971_87s-1024x681.jpg","type":"","width":"","height":""}],"twitter_card":"summary_large_image","twitter_misc":{"Gesch\u00e4tzte Lesezeit":"6\u00a0Minuten"},"schema":{"@context":"https:\/\/schema.org","@graph":[{"@type":"WebPage","@id":"https:\/\/intercultural-festival.de\/index.php\/wer-uns-unterstuetzt\/","url":"https:\/\/intercultural-festival.de\/index.php\/wer-uns-unterstuetzt\/","name":"Wer uns unterst\u00fctzt - Intercultural Festival","isPartOf":{"@id":"https:\/\/intercultural-festival.de\/#website"},"primaryImageOfPage":{"@id":"https:\/\/intercultural-festival.de\/index.php\/wer-uns-unterstuetzt\/#primaryimage"},"image":{"@id":"https:\/\/intercultural-festival.de\/index.php\/wer-uns-unterstuetzt\/#primaryimage"},"thumbnailUrl":"https:\/\/intercultural-festival.de\/wp-content\/uploads\/2024\/08\/KJB_Susann_Ruetrich_rdax_1460x971_87s-1024x681.jpg","datePublished":"2024-07-15T12:15:10+00:00","dateModified":"2024-09-26T12:56:54+00:00","breadcrumb":{"@id":"https:\/\/intercultural-festival.de\/index.php\/wer-uns-unterstuetzt\/#breadcrumb"},"inLanguage":"de","potentialAction":[{"@type":"ReadAction","target":["https:\/\/intercultural-festival.de\/index.php\/wer-uns-unterstuetzt\/"]}]},{"@type":"ImageObject","inLanguage":"de","@id":"https:\/\/intercultural-festival.de\/index.php\/wer-uns-unterstuetzt\/#primaryimage","url":"https:\/\/intercultural-festival.de\/wp-content\/uploads\/2024\/08\/KJB_Susann_Ruetrich_rdax_1460x971_87s.jpg","contentUrl":"https:\/\/intercultural-festival.de\/wp-content\/uploads\/2024\/08\/KJB_Susann_Ruetrich_rdax_1460x971_87s.jpg","width":1460,"height":971},{"@type":"BreadcrumbList","@id":"https:\/\/intercultural-festival.de\/index.php\/wer-uns-unterstuetzt\/#breadcrumb","itemListElement":[{"@type":"ListItem","position":1,"name":"Startseite","item":"https:\/\/intercultural-festival.de\/"},{"@type":"ListItem","position":2,"name":"Wer uns unterst\u00fctzt"}]},{"@type":"WebSite","@id":"https:\/\/intercultural-festival.de\/#website","url":"https:\/\/intercultural-festival.de\/","name":"Intercultural Festival","description":"2026","potentialAction":[{"@type":"SearchAction","target":{"@type":"EntryPoint","urlTemplate":"https:\/\/intercultural-festival.de\/?s={search_term_string}"},"query-input":{"@type":"PropertyValueSpecification","valueRequired":true,"valueName":"search_term_string"}}],"inLanguage":"de"}]}},"_links":{"self":[{"href":"https:\/\/intercultural-festival.de\/index.php\/wp-json\/wp\/v2\/pages\/16","targetHints":{"allow":["GET"]}}],"collection":[{"href":"https:\/\/intercultural-festival.de\/index.php\/wp-json\/wp\/v2\/pages"}],"about":[{"href":"https:\/\/intercultural-festival.de\/index.php\/wp-json\/wp\/v2\/types\/page"}],"author":[{"embeddable":true,"href":"https:\/\/intercultural-festival.de\/index.php\/wp-json\/wp\/v2\/users\/1"}],"replies":[{"embeddable":true,"href":"https:\/\/intercultural-festival.de\/index.php\/wp-json\/wp\/v2\/comments?post=16"}],"version-history":[{"count":15,"href":"https:\/\/intercultural-festival.de\/index.php\/wp-json\/wp\/v2\/pages\/16\/revisions"}],"predecessor-version":[{"id":280,"href":"https:\/\/intercultural-festival.de\/index.php\/wp-json\/wp\/v2\/pages\/16\/revisions\/280"}],"wp:attachment":[{"href":"https:\/\/intercultural-festival.de\/index.php\/wp-json\/wp\/v2\/media?parent=16"}],"curies":[{"name":"wp","href":"https:\/\/api.w.org\/{rel}","templated":true}]}}