{"id":394,"date":"2025-10-01T07:45:38","date_gmt":"2025-10-01T07:45:38","guid":{"rendered":"https:\/\/intercultural-festival.de\/?page_id=394"},"modified":"2025-10-01T07:49:54","modified_gmt":"2025-10-01T07:49:54","slug":"2025-2","status":"publish","type":"page","link":"https:\/\/intercultural-festival.de\/index.php\/rueckblick\/2025-2\/","title":{"rendered":"2025"},"content":{"rendered":"\n<p><strong>Auf der B\u00fchne:<\/strong> BYDS, Bad Ted, Lactuca, Last April, Anne Tabea, Aviran, Curcuma &amp; Rosenrausch, Fiatelle Blaskapelle, Fresh Lion, Klezmer Muskel Kater, Mixolypsan, Missetat, Plan B, Onetaek<\/p>\n\n\n\n<p><strong>Unterst\u00fctzt von:<\/strong> Kassem Taher Saleh MdB Gr\u00fcne, Amadeu Antonio Stiftung, Abriporta Stiftung, DGB Sachsen, Demokratie Leben, Eckpunkt Kollektiv Mei\u00dfen,  Urbis Foundation,  TNA Crew Dresden, Ingenieurb\u00fcro Bauschke, Kreisverband Linke Mei\u00dfen, Kreisverband Gr\u00fcne Mei\u00dfen, Landratsamt Mei\u00dfen<\/p>\n\n\n<div class=\"pgc-sgb-cb wp-block-pgcsimplygalleryblock-masonry \" data-gallery-id=\"5a597289\"><div class=\"sgb-preloader\" id=\"pr_5a597289\">\n\t<div class=\"sgb-square\" style=\"background:#d4d4d4\"><\/div>\n\t<div class=\"sgb-square\" style=\"background:#d4d4d4\"><\/div>\n\t<div class=\"sgb-square\" style=\"background:#d4d4d4\"><\/div>\n\t<div class=\"sgb-square\" style=\"background:#d4d4d4\"><\/div><\/div><div class=\"simply-gallery-amp pgc_sgb_slider \"><noscript><div class=\"sgb-gallery\"><div class=\"sgb-item\"><a href=\"https:\/\/intercultural-festival.de\/index.php\/rueckblick\/2025-2\/20250912-p1658199\/\" target=\"_blank\"><img decoding=\"async\" alt=\"\" width=\"225\" height=\"300\" loading=\"lazy\" src=\"https:\/\/intercultural-festival.de\/wp-content\/uploads\/2025\/10\/20250912-P1658199-225x300.jpg\" srcset=\"https:\/\/intercultural-festival.de\/wp-content\/uploads\/2025\/10\/20250912-P1658199-225x300.jpg 225w,https:\/\/intercultural-festival.de\/wp-content\/uploads\/2025\/10\/20250912-P1658199-768x1024.jpg 768w,https:\/\/intercultural-festival.de\/wp-content\/uploads\/2025\/10\/20250912-P1658199.jpg 1200w\" sizes=\"auto, 250px\"\/><\/a><\/div><div class=\"sgb-item\"><a href=\"https:\/\/intercultural-festival.de\/index.php\/rueckblick\/2025-2\/20250912-p1658293\/\" target=\"_blank\"><img decoding=\"async\" alt=\"\" width=\"300\" height=\"225\" loading=\"lazy\" src=\"https:\/\/intercultural-festival.de\/wp-content\/uploads\/2025\/10\/20250912-P1658293-300x225.jpg\" srcset=\"https:\/\/intercultural-festival.de\/wp-content\/uploads\/2025\/10\/20250912-P1658293-300x225.jpg 300w,https:\/\/intercultural-festival.de\/wp-content\/uploads\/2025\/10\/20250912-P1658293-1024x768.jpg 1024w,https:\/\/intercultural-festival.de\/wp-content\/uploads\/2025\/10\/20250912-P1658293.jpg 1599w\" sizes=\"auto, 250px\"\/><\/a><\/div><div class=\"sgb-item\"><a href=\"https:\/\/intercultural-festival.de\/index.php\/rueckblick\/2025-2\/20250912-p1658717\/\" target=\"_blank\"><img decoding=\"async\" alt=\"\" width=\"300\" height=\"225\" loading=\"lazy\" src=\"https:\/\/intercultural-festival.de\/wp-content\/uploads\/2025\/10\/20250912-P1658717-300x225.jpg\" srcset=\"https:\/\/intercultural-festival.de\/wp-content\/uploads\/2025\/10\/20250912-P1658717-300x225.jpg 300w,https:\/\/intercultural-festival.de\/wp-content\/uploads\/2025\/10\/20250912-P1658717-1024x769.jpg 1024w,https:\/\/intercultural-festival.de\/wp-content\/uploads\/2025\/10\/20250912-P1658717.jpg 1598w\" sizes=\"auto, 250px\"\/><\/a><\/div><div class=\"sgb-item\"><a href=\"https:\/\/intercultural-festival.de\/index.php\/rueckblick\/2025-2\/20250913-p1668865\/\" target=\"_blank\"><img decoding=\"async\" alt=\"\" width=\"300\" height=\"225\" loading=\"lazy\" src=\"https:\/\/intercultural-festival.de\/wp-content\/uploads\/2025\/10\/20250913-P1668865-300x225.jpg\" srcset=\"https:\/\/intercultural-festival.de\/wp-content\/uploads\/2025\/10\/20250913-P1668865-300x225.jpg 300w,https:\/\/intercultural-festival.de\/wp-content\/uploads\/2025\/10\/20250913-P1668865-1024x768.jpg 1024w,https:\/\/intercultural-festival.de\/wp-content\/uploads\/2025\/10\/20250913-P1668865.jpg 1599w\" sizes=\"auto, 250px\"\/><\/a><\/div><div class=\"sgb-item\"><a href=\"https:\/\/intercultural-festival.de\/index.php\/rueckblick\/2025-2\/20250913-p1669157\/\" target=\"_blank\"><img decoding=\"async\" alt=\"\" width=\"300\" height=\"225\" loading=\"lazy\" src=\"https:\/\/intercultural-festival.de\/wp-content\/uploads\/2025\/10\/20250913-P1669157-300x225.jpg\" srcset=\"https:\/\/intercultural-festival.de\/wp-content\/uploads\/2025\/10\/20250913-P1669157-300x225.jpg 300w,https:\/\/intercultural-festival.de\/wp-content\/uploads\/2025\/10\/20250913-P1669157-1024x768.jpg 1024w,https:\/\/intercultural-festival.de\/wp-content\/uploads\/2025\/10\/20250913-P1669157.jpg 1599w\" sizes=\"auto, 250px\"\/><\/a><\/div><div class=\"sgb-item\"><a href=\"https:\/\/intercultural-festival.de\/index.php\/rueckblick\/2025-2\/20250913-p1669397\/\" target=\"_blank\"><img decoding=\"async\" alt=\"\" width=\"300\" height=\"225\" loading=\"lazy\" src=\"https:\/\/intercultural-festival.de\/wp-content\/uploads\/2025\/10\/20250913-P1669397-300x225.jpg\" srcset=\"https:\/\/intercultural-festival.de\/wp-content\/uploads\/2025\/10\/20250913-P1669397-300x225.jpg 300w,https:\/\/intercultural-festival.de\/wp-content\/uploads\/2025\/10\/20250913-P1669397-1024x768.jpg 1024w,https:\/\/intercultural-festival.de\/wp-content\/uploads\/2025\/10\/20250913-P1669397.jpg 1599w\" sizes=\"auto, 250px\"\/><\/a><\/div><div class=\"sgb-item\"><a href=\"https:\/\/intercultural-festival.de\/index.php\/rueckblick\/2025-2\/20250913-p1669538\/\" target=\"_blank\"><img decoding=\"async\" alt=\"\" width=\"300\" height=\"225\" loading=\"lazy\" src=\"https:\/\/intercultural-festival.de\/wp-content\/uploads\/2025\/10\/20250913-P1669538-300x225.jpg\" srcset=\"https:\/\/intercultural-festival.de\/wp-content\/uploads\/2025\/10\/20250913-P1669538-300x225.jpg 300w,https:\/\/intercultural-festival.de\/wp-content\/uploads\/2025\/10\/20250913-P1669538-1024x768.jpg 1024w,https:\/\/intercultural-festival.de\/wp-content\/uploads\/2025\/10\/20250913-P1669538.jpg 1599w\" sizes=\"auto, 250px\"\/><\/a><\/div><div class=\"sgb-item\"><a href=\"https:\/\/intercultural-festival.de\/index.php\/rueckblick\/2025-2\/20250913-p1680006\/\" target=\"_blank\"><img decoding=\"async\" alt=\"\" width=\"300\" height=\"225\" loading=\"lazy\" src=\"https:\/\/intercultural-festival.de\/wp-content\/uploads\/2025\/10\/20250913-P1680006-300x225.jpg\" srcset=\"https:\/\/intercultural-festival.de\/wp-content\/uploads\/2025\/10\/20250913-P1680006-300x225.jpg 300w,https:\/\/intercultural-festival.de\/wp-content\/uploads\/2025\/10\/20250913-P1680006-1024x768.jpg 1024w,https:\/\/intercultural-festival.de\/wp-content\/uploads\/2025\/10\/20250913-P1680006.jpg 1599w\" sizes=\"auto, 250px\"\/><\/a><\/div><div class=\"sgb-item\"><a href=\"https:\/\/intercultural-festival.de\/index.php\/rueckblick\/2025-2\/20250913-p1680196\/\" target=\"_blank\"><img decoding=\"async\" alt=\"\" width=\"300\" height=\"225\" loading=\"lazy\" src=\"https:\/\/intercultural-festival.de\/wp-content\/uploads\/2025\/10\/20250913-P1680196-300x225.jpg\" srcset=\"https:\/\/intercultural-festival.de\/wp-content\/uploads\/2025\/10\/20250913-P1680196-300x225.jpg 300w,https:\/\/intercultural-festival.de\/wp-content\/uploads\/2025\/10\/20250913-P1680196-1024x768.jpg 1024w,https:\/\/intercultural-festival.de\/wp-content\/uploads\/2025\/10\/20250913-P1680196.jpg 1599w\" sizes=\"auto, 250px\"\/><\/a><\/div><div class=\"sgb-item\"><a href=\"https:\/\/intercultural-festival.de\/index.php\/rueckblick\/2025-2\/20250913-p1680424\/\" target=\"_blank\"><img decoding=\"async\" alt=\"\" width=\"300\" height=\"225\" loading=\"lazy\" src=\"https:\/\/intercultural-festival.de\/wp-content\/uploads\/2025\/10\/20250913-P1680424-300x225.jpg\" srcset=\"https:\/\/intercultural-festival.de\/wp-content\/uploads\/2025\/10\/20250913-P1680424-300x225.jpg 300w,https:\/\/intercultural-festival.de\/wp-content\/uploads\/2025\/10\/20250913-P1680424-1024x768.jpg 1024w,https:\/\/intercultural-festival.de\/wp-content\/uploads\/2025\/10\/20250913-P1680424.jpg 1599w\" sizes=\"auto, 250px\"\/><\/a><\/div><div class=\"sgb-item\"><a href=\"https:\/\/intercultural-festival.de\/index.php\/rueckblick\/2025-2\/20250913-p1680531\/\" target=\"_blank\"><img decoding=\"async\" alt=\"\" width=\"300\" height=\"225\" loading=\"lazy\" src=\"https:\/\/intercultural-festival.de\/wp-content\/uploads\/2025\/10\/20250913-P1680531-300x225.jpg\" srcset=\"https:\/\/intercultural-festival.de\/wp-content\/uploads\/2025\/10\/20250913-P1680531-300x225.jpg 300w,https:\/\/intercultural-festival.de\/wp-content\/uploads\/2025\/10\/20250913-P1680531-1024x768.jpg 1024w,https:\/\/intercultural-festival.de\/wp-content\/uploads\/2025\/10\/20250913-P1680531.jpg 1599w\" sizes=\"auto, 250px\"\/><\/a><\/div><\/div><\/noscript><\/div><script type=\"application\/json\" class=\"sgb-data\">{\"galleryType\":\"pgc_sgb_masonry\",\"galleryId\":\"5a597289\",\"images\":[{\"id\":396,\"title\":\"20250912-P1658199\",\"url\":\"https:\/\/intercultural-festival.de\/wp-content\/uploads\/2025\/10\/20250912-P1658199.jpg\",\"link\":\"https:\/\/intercultural-festival.de\/index.php\/rueckblick\/2025-2\/20250912-p1658199\/\",\"alt\":\"\",\"description\":\"\",\"caption\":\"\",\"mime\":\"image\/jpeg\",\"type\":\"image\",\"width\":1200,\"height\":1600,\"sizes\":{\"thumbnail\":{\"height\":150,\"width\":150,\"url\":\"https:\/\/intercultural-festival.de\/wp-content\/uploads\/2025\/10\/20250912-P1658199-150x150.jpg\",\"orientation\":\"landscape\"},\"medium\":{\"height\":300,\"width\":225,\"url\":\"https:\/\/intercultural-festival.de\/wp-content\/uploads\/2025\/10\/20250912-P1658199-225x300.jpg\",\"orientation\":\"portrait\"},\"large\":{\"height\":1024,\"width\":768,\"url\":\"https:\/\/intercultural-festival.de\/wp-content\/uploads\/2025\/10\/20250912-P1658199-768x1024.jpg\",\"orientation\":\"portrait\"},\"full\":{\"url\":\"https:\/\/intercultural-festival.de\/wp-content\/uploads\/2025\/10\/20250912-P1658199.jpg\",\"height\":1600,\"width\":1200,\"orientation\":\"portrait\"}},\"imageMeta\":{\"aperture\":\"4\",\"credit\":\"\",\"camera\":\"DC-GH6\",\"caption\":\"\",\"created_timestamp\":\"1757693949\",\"copyright\":\"\",\"focal_length\":\"60\",\"iso\":\"500\",\"shutter_speed\":\"0.008\",\"title\":\"\",\"orientation\":\"0\",\"keywords\":[]},\"meta\":false,\"postlink\":\"https:\/\/intercultural-festival.de\/index.php\/rueckblick\/2025-2\/20250912-p1658199\/\"},{\"id\":397,\"title\":\"20250912-P1658293\",\"url\":\"https:\/\/intercultural-festival.de\/wp-content\/uploads\/2025\/10\/20250912-P1658293.jpg\",\"link\":\"https:\/\/intercultural-festival.de\/index.php\/rueckblick\/2025-2\/20250912-p1658293\/\",\"alt\":\"\",\"description\":\"\",\"caption\":\"\",\"mime\":\"image\/jpeg\",\"type\":\"image\",\"width\":1599,\"height\":1200,\"sizes\":{\"thumbnail\":{\"height\":150,\"width\":150,\"url\":\"https:\/\/intercultural-festival.de\/wp-content\/uploads\/2025\/10\/20250912-P1658293-150x150.jpg\",\"orientation\":\"landscape\"},\"medium\":{\"height\":225,\"width\":300,\"url\":\"https:\/\/intercultural-festival.de\/wp-content\/uploads\/2025\/10\/20250912-P1658293-300x225.jpg\",\"orientation\":\"landscape\"},\"large\":{\"height\":768,\"width\":1024,\"url\":\"https:\/\/intercultural-festival.de\/wp-content\/uploads\/2025\/10\/20250912-P1658293-1024x768.jpg\",\"orientation\":\"landscape\"},\"full\":{\"url\":\"https:\/\/intercultural-festival.de\/wp-content\/uploads\/2025\/10\/20250912-P1658293.jpg\",\"height\":1200,\"width\":1599,\"orientation\":\"landscape\"}},\"imageMeta\":{\"aperture\":\"3.8\",\"credit\":\"\",\"camera\":\"DC-GH6\",\"caption\":\"\",\"created_timestamp\":\"1757695367\",\"copyright\":\"\",\"focal_length\":\"32\",\"iso\":\"800\",\"shutter_speed\":\"0.005\",\"title\":\"\",\"orientation\":\"0\",\"keywords\":[]},\"meta\":false,\"postlink\":\"https:\/\/intercultural-festival.de\/index.php\/rueckblick\/2025-2\/20250912-p1658293\/\"},{\"id\":398,\"title\":\"20250912-P1658717\",\"url\":\"https:\/\/intercultural-festival.de\/wp-content\/uploads\/2025\/10\/20250912-P1658717.jpg\",\"link\":\"https:\/\/intercultural-festival.de\/index.php\/rueckblick\/2025-2\/20250912-p1658717\/\",\"alt\":\"\",\"description\":\"\",\"caption\":\"\",\"mime\":\"image\/jpeg\",\"type\":\"image\",\"width\":1598,\"height\":1200,\"sizes\":{\"thumbnail\":{\"height\":150,\"width\":150,\"url\":\"https:\/\/intercultural-festival.de\/wp-content\/uploads\/2025\/10\/20250912-P1658717-150x150.jpg\",\"orientation\":\"landscape\"},\"medium\":{\"height\":225,\"width\":300,\"url\":\"https:\/\/intercultural-festival.de\/wp-content\/uploads\/2025\/10\/20250912-P1658717-300x225.jpg\",\"orientation\":\"landscape\"},\"large\":{\"height\":769,\"width\":1024,\"url\":\"https:\/\/intercultural-festival.de\/wp-content\/uploads\/2025\/10\/20250912-P1658717-1024x769.jpg\",\"orientation\":\"landscape\"},\"full\":{\"url\":\"https:\/\/intercultural-festival.de\/wp-content\/uploads\/2025\/10\/20250912-P1658717.jpg\",\"height\":1200,\"width\":1598,\"orientation\":\"landscape\"}},\"imageMeta\":{\"aperture\":\"3.5\",\"credit\":\"\",\"camera\":\"DC-GH6\",\"caption\":\"\",\"created_timestamp\":\"1757705446\",\"copyright\":\"\",\"focal_length\":\"25\",\"iso\":\"6400\",\"shutter_speed\":\"0.066666666666667\",\"title\":\"\",\"orientation\":\"0\",\"keywords\":[]},\"meta\":false,\"postlink\":\"https:\/\/intercultural-festival.de\/index.php\/rueckblick\/2025-2\/20250912-p1658717\/\"},{\"id\":399,\"title\":\"20250913-P1668865\",\"url\":\"https:\/\/intercultural-festival.de\/wp-content\/uploads\/2025\/10\/20250913-P1668865.jpg\",\"link\":\"https:\/\/intercultural-festival.de\/index.php\/rueckblick\/2025-2\/20250913-p1668865\/\",\"alt\":\"\",\"description\":\"\",\"caption\":\"\",\"mime\":\"image\/jpeg\",\"type\":\"image\",\"width\":1599,\"height\":1200,\"sizes\":{\"thumbnail\":{\"height\":150,\"width\":150,\"url\":\"https:\/\/intercultural-festival.de\/wp-content\/uploads\/2025\/10\/20250913-P1668865-150x150.jpg\",\"orientation\":\"landscape\"},\"medium\":{\"height\":225,\"width\":300,\"url\":\"https:\/\/intercultural-festival.de\/wp-content\/uploads\/2025\/10\/20250913-P1668865-300x225.jpg\",\"orientation\":\"landscape\"},\"large\":{\"height\":768,\"width\":1024,\"url\":\"https:\/\/intercultural-festival.de\/wp-content\/uploads\/2025\/10\/20250913-P1668865-1024x768.jpg\",\"orientation\":\"landscape\"},\"full\":{\"url\":\"https:\/\/intercultural-festival.de\/wp-content\/uploads\/2025\/10\/20250913-P1668865.jpg\",\"height\":1200,\"width\":1599,\"orientation\":\"landscape\"}},\"imageMeta\":{\"aperture\":\"3.2\",\"credit\":\"\",\"camera\":\"DC-GH6\",\"caption\":\"\",\"created_timestamp\":\"1757765499\",\"copyright\":\"\",\"focal_length\":\"19\",\"iso\":\"160\",\"shutter_speed\":\"0.0025\",\"title\":\"\",\"orientation\":\"0\",\"keywords\":[]},\"meta\":false,\"postlink\":\"https:\/\/intercultural-festival.de\/index.php\/rueckblick\/2025-2\/20250913-p1668865\/\"},{\"id\":401,\"title\":\"20250913-P1669157\",\"url\":\"https:\/\/intercultural-festival.de\/wp-content\/uploads\/2025\/10\/20250913-P1669157.jpg\",\"link\":\"https:\/\/intercultural-festival.de\/index.php\/rueckblick\/2025-2\/20250913-p1669157\/\",\"alt\":\"\",\"description\":\"\",\"caption\":\"\",\"mime\":\"image\/jpeg\",\"type\":\"image\",\"width\":1599,\"height\":1200,\"sizes\":{\"thumbnail\":{\"height\":150,\"width\":150,\"url\":\"https:\/\/intercultural-festival.de\/wp-content\/uploads\/2025\/10\/20250913-P1669157-150x150.jpg\",\"orientation\":\"landscape\"},\"medium\":{\"height\":225,\"width\":300,\"url\":\"https:\/\/intercultural-festival.de\/wp-content\/uploads\/2025\/10\/20250913-P1669157-300x225.jpg\",\"orientation\":\"landscape\"},\"large\":{\"height\":768,\"width\":1024,\"url\":\"https:\/\/intercultural-festival.de\/wp-content\/uploads\/2025\/10\/20250913-P1669157-1024x768.jpg\",\"orientation\":\"landscape\"},\"full\":{\"url\":\"https:\/\/intercultural-festival.de\/wp-content\/uploads\/2025\/10\/20250913-P1669157.jpg\",\"height\":1200,\"width\":1599,\"orientation\":\"landscape\"}},\"imageMeta\":{\"aperture\":\"0\",\"credit\":\"\",\"camera\":\"DC-GH6\",\"caption\":\"\",\"created_timestamp\":\"1757770086\",\"copyright\":\"\",\"focal_length\":\"135\",\"iso\":\"200\",\"shutter_speed\":\"0.0008\",\"title\":\"\",\"orientation\":\"0\",\"keywords\":[]},\"meta\":false,\"postlink\":\"https:\/\/intercultural-festival.de\/index.php\/rueckblick\/2025-2\/20250913-p1669157\/\"},{\"id\":403,\"title\":\"20250913-P1669397\",\"url\":\"https:\/\/intercultural-festival.de\/wp-content\/uploads\/2025\/10\/20250913-P1669397.jpg\",\"link\":\"https:\/\/intercultural-festival.de\/index.php\/rueckblick\/2025-2\/20250913-p1669397\/\",\"alt\":\"\",\"description\":\"\",\"caption\":\"\",\"mime\":\"image\/jpeg\",\"type\":\"image\",\"width\":1599,\"height\":1200,\"sizes\":{\"thumbnail\":{\"height\":150,\"width\":150,\"url\":\"https:\/\/intercultural-festival.de\/wp-content\/uploads\/2025\/10\/20250913-P1669397-150x150.jpg\",\"orientation\":\"landscape\"},\"medium\":{\"height\":225,\"width\":300,\"url\":\"https:\/\/intercultural-festival.de\/wp-content\/uploads\/2025\/10\/20250913-P1669397-300x225.jpg\",\"orientation\":\"landscape\"},\"large\":{\"height\":768,\"width\":1024,\"url\":\"https:\/\/intercultural-festival.de\/wp-content\/uploads\/2025\/10\/20250913-P1669397-1024x768.jpg\",\"orientation\":\"landscape\"},\"full\":{\"url\":\"https:\/\/intercultural-festival.de\/wp-content\/uploads\/2025\/10\/20250913-P1669397.jpg\",\"height\":1200,\"width\":1599,\"orientation\":\"landscape\"}},\"imageMeta\":{\"aperture\":\"0\",\"credit\":\"\",\"camera\":\"DC-GH6\",\"caption\":\"\",\"created_timestamp\":\"1757779571\",\"copyright\":\"\",\"focal_length\":\"50\",\"iso\":\"400\",\"shutter_speed\":\"0.01\",\"title\":\"\",\"orientation\":\"0\",\"keywords\":[]},\"meta\":false,\"postlink\":\"https:\/\/intercultural-festival.de\/index.php\/rueckblick\/2025-2\/20250913-p1669397\/\"},{\"id\":404,\"title\":\"20250913-P1669538\",\"url\":\"https:\/\/intercultural-festival.de\/wp-content\/uploads\/2025\/10\/20250913-P1669538.jpg\",\"link\":\"https:\/\/intercultural-festival.de\/index.php\/rueckblick\/2025-2\/20250913-p1669538\/\",\"alt\":\"\",\"description\":\"\",\"caption\":\"\",\"mime\":\"image\/jpeg\",\"type\":\"image\",\"width\":1599,\"height\":1200,\"sizes\":{\"thumbnail\":{\"height\":150,\"width\":150,\"url\":\"https:\/\/intercultural-festival.de\/wp-content\/uploads\/2025\/10\/20250913-P1669538-150x150.jpg\",\"orientation\":\"landscape\"},\"medium\":{\"height\":225,\"width\":300,\"url\":\"https:\/\/intercultural-festival.de\/wp-content\/uploads\/2025\/10\/20250913-P1669538-300x225.jpg\",\"orientation\":\"landscape\"},\"large\":{\"height\":768,\"width\":1024,\"url\":\"https:\/\/intercultural-festival.de\/wp-content\/uploads\/2025\/10\/20250913-P1669538-1024x768.jpg\",\"orientation\":\"landscape\"},\"full\":{\"url\":\"https:\/\/intercultural-festival.de\/wp-content\/uploads\/2025\/10\/20250913-P1669538.jpg\",\"height\":1200,\"width\":1599,\"orientation\":\"landscape\"}},\"imageMeta\":{\"aperture\":\"4\",\"credit\":\"\",\"camera\":\"DC-GH6\",\"caption\":\"\",\"created_timestamp\":\"1757785170\",\"copyright\":\"\",\"focal_length\":\"54\",\"iso\":\"1000\",\"shutter_speed\":\"0.008\",\"title\":\"\",\"orientation\":\"0\",\"keywords\":[]},\"meta\":false,\"postlink\":\"https:\/\/intercultural-festival.de\/index.php\/rueckblick\/2025-2\/20250913-p1669538\/\"},{\"id\":405,\"title\":\"20250913-P1680006\",\"url\":\"https:\/\/intercultural-festival.de\/wp-content\/uploads\/2025\/10\/20250913-P1680006.jpg\",\"link\":\"https:\/\/intercultural-festival.de\/index.php\/rueckblick\/2025-2\/20250913-p1680006\/\",\"alt\":\"\",\"description\":\"\",\"caption\":\"\",\"mime\":\"image\/jpeg\",\"type\":\"image\",\"width\":1599,\"height\":1200,\"sizes\":{\"thumbnail\":{\"height\":150,\"width\":150,\"url\":\"https:\/\/intercultural-festival.de\/wp-content\/uploads\/2025\/10\/20250913-P1680006-150x150.jpg\",\"orientation\":\"landscape\"},\"medium\":{\"height\":225,\"width\":300,\"url\":\"https:\/\/intercultural-festival.de\/wp-content\/uploads\/2025\/10\/20250913-P1680006-300x225.jpg\",\"orientation\":\"landscape\"},\"large\":{\"height\":768,\"width\":1024,\"url\":\"https:\/\/intercultural-festival.de\/wp-content\/uploads\/2025\/10\/20250913-P1680006-1024x768.jpg\",\"orientation\":\"landscape\"},\"full\":{\"url\":\"https:\/\/intercultural-festival.de\/wp-content\/uploads\/2025\/10\/20250913-P1680006.jpg\",\"height\":1200,\"width\":1599,\"orientation\":\"landscape\"}},\"imageMeta\":{\"aperture\":\"4\",\"credit\":\"\",\"camera\":\"DC-GH6\",\"caption\":\"\",\"created_timestamp\":\"1757789384\",\"copyright\":\"\",\"focal_length\":\"38\",\"iso\":\"4000\",\"shutter_speed\":\"0.01\",\"title\":\"\",\"orientation\":\"0\",\"keywords\":[]},\"meta\":false,\"postlink\":\"https:\/\/intercultural-festival.de\/index.php\/rueckblick\/2025-2\/20250913-p1680006\/\"},{\"id\":406,\"title\":\"20250913-P1680196\",\"url\":\"https:\/\/intercultural-festival.de\/wp-content\/uploads\/2025\/10\/20250913-P1680196.jpg\",\"link\":\"https:\/\/intercultural-festival.de\/index.php\/rueckblick\/2025-2\/20250913-p1680196\/\",\"alt\":\"\",\"description\":\"\",\"caption\":\"\",\"mime\":\"image\/jpeg\",\"type\":\"image\",\"width\":1599,\"height\":1200,\"sizes\":{\"thumbnail\":{\"height\":150,\"width\":150,\"url\":\"https:\/\/intercultural-festival.de\/wp-content\/uploads\/2025\/10\/20250913-P1680196-150x150.jpg\",\"orientation\":\"landscape\"},\"medium\":{\"height\":225,\"width\":300,\"url\":\"https:\/\/intercultural-festival.de\/wp-content\/uploads\/2025\/10\/20250913-P1680196-300x225.jpg\",\"orientation\":\"landscape\"},\"large\":{\"height\":768,\"width\":1024,\"url\":\"https:\/\/intercultural-festival.de\/wp-content\/uploads\/2025\/10\/20250913-P1680196-1024x768.jpg\",\"orientation\":\"landscape\"},\"full\":{\"url\":\"https:\/\/intercultural-festival.de\/wp-content\/uploads\/2025\/10\/20250913-P1680196.jpg\",\"height\":1200,\"width\":1599,\"orientation\":\"landscape\"}},\"imageMeta\":{\"aperture\":\"3.9\",\"credit\":\"\",\"camera\":\"DC-GH6\",\"caption\":\"\",\"created_timestamp\":\"1757791966\",\"copyright\":\"\",\"focal_length\":\"27\",\"iso\":\"4000\",\"shutter_speed\":\"0.016666666666667\",\"title\":\"\",\"orientation\":\"0\",\"keywords\":[]},\"meta\":false,\"postlink\":\"https:\/\/intercultural-festival.de\/index.php\/rueckblick\/2025-2\/20250913-p1680196\/\"},{\"id\":407,\"title\":\"20250913-P1680424\",\"url\":\"https:\/\/intercultural-festival.de\/wp-content\/uploads\/2025\/10\/20250913-P1680424.jpg\",\"link\":\"https:\/\/intercultural-festival.de\/index.php\/rueckblick\/2025-2\/20250913-p1680424\/\",\"alt\":\"\",\"description\":\"\",\"caption\":\"\",\"mime\":\"image\/jpeg\",\"type\":\"image\",\"width\":1599,\"height\":1200,\"sizes\":{\"thumbnail\":{\"height\":150,\"width\":150,\"url\":\"https:\/\/intercultural-festival.de\/wp-content\/uploads\/2025\/10\/20250913-P1680424-150x150.jpg\",\"orientation\":\"landscape\"},\"medium\":{\"height\":225,\"width\":300,\"url\":\"https:\/\/intercultural-festival.de\/wp-content\/uploads\/2025\/10\/20250913-P1680424-300x225.jpg\",\"orientation\":\"landscape\"},\"large\":{\"height\":768,\"width\":1024,\"url\":\"https:\/\/intercultural-festival.de\/wp-content\/uploads\/2025\/10\/20250913-P1680424-1024x768.jpg\",\"orientation\":\"landscape\"},\"full\":{\"url\":\"https:\/\/intercultural-festival.de\/wp-content\/uploads\/2025\/10\/20250913-P1680424.jpg\",\"height\":1200,\"width\":1599,\"orientation\":\"landscape\"}},\"imageMeta\":{\"aperture\":\"2.8\",\"credit\":\"\",\"camera\":\"DC-GH6\",\"caption\":\"\",\"created_timestamp\":\"1757796346\",\"copyright\":\"\",\"focal_length\":\"12\",\"iso\":\"4000\",\"shutter_speed\":\"0.8\",\"title\":\"\",\"orientation\":\"0\",\"keywords\":[]},\"meta\":false,\"postlink\":\"https:\/\/intercultural-festival.de\/index.php\/rueckblick\/2025-2\/20250913-p1680424\/\"},{\"id\":408,\"title\":\"20250913-P1680531\",\"url\":\"https:\/\/intercultural-festival.de\/wp-content\/uploads\/2025\/10\/20250913-P1680531.jpg\",\"link\":\"https:\/\/intercultural-festival.de\/index.php\/rueckblick\/2025-2\/20250913-p1680531\/\",\"alt\":\"\",\"description\":\"\",\"caption\":\"\",\"mime\":\"image\/jpeg\",\"type\":\"image\",\"width\":1599,\"height\":1200,\"sizes\":{\"thumbnail\":{\"height\":150,\"width\":150,\"url\":\"https:\/\/intercultural-festival.de\/wp-content\/uploads\/2025\/10\/20250913-P1680531-150x150.jpg\",\"orientation\":\"landscape\"},\"medium\":{\"height\":225,\"width\":300,\"url\":\"https:\/\/intercultural-festival.de\/wp-content\/uploads\/2025\/10\/20250913-P1680531-300x225.jpg\",\"orientation\":\"landscape\"},\"large\":{\"height\":768,\"width\":1024,\"url\":\"https:\/\/intercultural-festival.de\/wp-content\/uploads\/2025\/10\/20250913-P1680531-1024x768.jpg\",\"orientation\":\"landscape\"},\"full\":{\"url\":\"https:\/\/intercultural-festival.de\/wp-content\/uploads\/2025\/10\/20250913-P1680531.jpg\",\"height\":1200,\"width\":1599,\"orientation\":\"landscape\"}},\"imageMeta\":{\"aperture\":\"2.8\",\"credit\":\"\",\"camera\":\"DC-GH6\",\"caption\":\"\",\"created_timestamp\":\"1757798792\",\"copyright\":\"\",\"focal_length\":\"12\",\"iso\":\"5000\",\"shutter_speed\":\"0.066666666666667\",\"title\":\"\",\"orientation\":\"0\",\"keywords\":[]},\"meta\":false,\"postlink\":\"https:\/\/intercultural-festival.de\/index.php\/rueckblick\/2025-2\/20250913-p1680531\/\"}],\"itemsMetaDataCollection\":[]}<\/script><script>(function(){if(window.PGC_SGB && window.PGC_SGB.searcher){window.PGC_SGB.searcher.initBlocks()}})()<\/script><\/div>","protected":false},"excerpt":{"rendered":"<p>Auf der B\u00fchne: BYDS, Bad Ted, Lactuca, Last April, Anne Tabea, Aviran, Curcuma &amp; Rosenrausch, Fiatelle Blaskapelle, Fresh Lion, Klezmer &hellip; <a href=\"https:\/\/intercultural-festival.de\/index.php\/rueckblick\/2025-2\/\" class=\"more-link\"><span class=\"more-button\">Continue Reading<span class=\"screen-reader-text\">2025<\/span><\/span><\/a><\/p>\n","protected":false},"author":1,"featured_media":0,"parent":18,"menu_order":0,"comment_status":"closed","ping_status":"closed","template":"","meta":{"pgc_sgb_lightbox_settings":"","footnotes":""},"class_list":["post-394","page","type-page","status-publish","hentry"],"yoast_head":"<!-- This site is optimized with the Yoast SEO plugin v27.5 - https:\/\/yoast.com\/product\/yoast-seo-wordpress\/ -->\n<title>2025 - Intercultural Festival<\/title>\n<meta name=\"robots\" content=\"index, follow, max-snippet:-1, max-image-preview:large, max-video-preview:-1\" \/>\n<link rel=\"canonical\" href=\"https:\/\/intercultural-festival.de\/index.php\/rueckblick\/2025-2\/\" \/>\n<meta property=\"og:locale\" content=\"de_DE\" \/>\n<meta property=\"og:type\" content=\"article\" \/>\n<meta property=\"og:title\" content=\"2025 - Intercultural Festival\" \/>\n<meta property=\"og:description\" content=\"Auf der B\u00fchne: BYDS, Bad Ted, Lactuca, Last April, Anne Tabea, Aviran, Curcuma &amp; Rosenrausch, Fiatelle Blaskapelle, Fresh Lion, Klezmer &hellip; Continue Reading2025\" \/>\n<meta property=\"og:url\" content=\"https:\/\/intercultural-festival.de\/index.php\/rueckblick\/2025-2\/\" \/>\n<meta property=\"og:site_name\" content=\"Intercultural Festival\" \/>\n<meta property=\"article:modified_time\" content=\"2025-10-01T07:49:54+00:00\" \/>\n<meta property=\"og:image\" content=\"https:\/\/intercultural-festival.de\/wp-content\/uploads\/2025\/10\/20250912-P1658199-768x1024.jpg\" \/>\n<meta name=\"twitter:card\" content=\"summary_large_image\" \/>\n<meta name=\"twitter:label1\" content=\"Gesch\u00e4tzte Lesezeit\" \/>\n\t<meta name=\"twitter:data1\" content=\"3\u00a0Minuten\" \/>\n<script type=\"application\/ld+json\" class=\"yoast-schema-graph\">{\"@context\":\"https:\\\/\\\/schema.org\",\"@graph\":[{\"@type\":\"WebPage\",\"@id\":\"https:\\\/\\\/intercultural-festival.de\\\/index.php\\\/rueckblick\\\/2025-2\\\/\",\"url\":\"https:\\\/\\\/intercultural-festival.de\\\/index.php\\\/rueckblick\\\/2025-2\\\/\",\"name\":\"2025 - Intercultural Festival\",\"isPartOf\":{\"@id\":\"https:\\\/\\\/intercultural-festival.de\\\/#website\"},\"primaryImageOfPage\":{\"@id\":\"https:\\\/\\\/intercultural-festival.de\\\/index.php\\\/rueckblick\\\/2025-2\\\/#primaryimage\"},\"image\":{\"@id\":\"https:\\\/\\\/intercultural-festival.de\\\/index.php\\\/rueckblick\\\/2025-2\\\/#primaryimage\"},\"thumbnailUrl\":\"https:\\\/\\\/intercultural-festival.de\\\/wp-content\\\/uploads\\\/2025\\\/10\\\/20250912-P1658199-768x1024.jpg\",\"datePublished\":\"2025-10-01T07:45:38+00:00\",\"dateModified\":\"2025-10-01T07:49:54+00:00\",\"breadcrumb\":{\"@id\":\"https:\\\/\\\/intercultural-festival.de\\\/index.php\\\/rueckblick\\\/2025-2\\\/#breadcrumb\"},\"inLanguage\":\"de\",\"potentialAction\":[{\"@type\":\"ReadAction\",\"target\":[\"https:\\\/\\\/intercultural-festival.de\\\/index.php\\\/rueckblick\\\/2025-2\\\/\"]}]},{\"@type\":\"ImageObject\",\"inLanguage\":\"de\",\"@id\":\"https:\\\/\\\/intercultural-festival.de\\\/index.php\\\/rueckblick\\\/2025-2\\\/#primaryimage\",\"url\":\"https:\\\/\\\/intercultural-festival.de\\\/wp-content\\\/uploads\\\/2025\\\/10\\\/20250912-P1658199.jpg\",\"contentUrl\":\"https:\\\/\\\/intercultural-festival.de\\\/wp-content\\\/uploads\\\/2025\\\/10\\\/20250912-P1658199.jpg\",\"width\":1200,\"height\":1600},{\"@type\":\"BreadcrumbList\",\"@id\":\"https:\\\/\\\/intercultural-festival.de\\\/index.php\\\/rueckblick\\\/2025-2\\\/#breadcrumb\",\"itemListElement\":[{\"@type\":\"ListItem\",\"position\":1,\"name\":\"Startseite\",\"item\":\"https:\\\/\\\/intercultural-festival.de\\\/\"},{\"@type\":\"ListItem\",\"position\":2,\"name\":\"R\u00fcckblick\",\"item\":\"https:\\\/\\\/intercultural-festival.de\\\/index.php\\\/rueckblick\\\/\"},{\"@type\":\"ListItem\",\"position\":3,\"name\":\"2025\"}]},{\"@type\":\"WebSite\",\"@id\":\"https:\\\/\\\/intercultural-festival.de\\\/#website\",\"url\":\"https:\\\/\\\/intercultural-festival.de\\\/\",\"name\":\"Intercultural Festival\",\"description\":\"2026\",\"potentialAction\":[{\"@type\":\"SearchAction\",\"target\":{\"@type\":\"EntryPoint\",\"urlTemplate\":\"https:\\\/\\\/intercultural-festival.de\\\/?s={search_term_string}\"},\"query-input\":{\"@type\":\"PropertyValueSpecification\",\"valueRequired\":true,\"valueName\":\"search_term_string\"}}],\"inLanguage\":\"de\"}]}<\/script>\n<!-- \/ Yoast SEO plugin. -->","yoast_head_json":{"title":"2025 - Intercultural Festival","robots":{"index":"index","follow":"follow","max-snippet":"max-snippet:-1","max-image-preview":"max-image-preview:large","max-video-preview":"max-video-preview:-1"},"canonical":"https:\/\/intercultural-festival.de\/index.php\/rueckblick\/2025-2\/","og_locale":"de_DE","og_type":"article","og_title":"2025 - Intercultural Festival","og_description":"Auf der B\u00fchne: BYDS, Bad Ted, Lactuca, Last April, Anne Tabea, Aviran, Curcuma &amp; Rosenrausch, Fiatelle Blaskapelle, Fresh Lion, Klezmer &hellip; Continue Reading2025","og_url":"https:\/\/intercultural-festival.de\/index.php\/rueckblick\/2025-2\/","og_site_name":"Intercultural Festival","article_modified_time":"2025-10-01T07:49:54+00:00","og_image":[{"url":"https:\/\/intercultural-festival.de\/wp-content\/uploads\/2025\/10\/20250912-P1658199-768x1024.jpg","type":"","width":"","height":""}],"twitter_card":"summary_large_image","twitter_misc":{"Gesch\u00e4tzte Lesezeit":"3\u00a0Minuten"},"schema":{"@context":"https:\/\/schema.org","@graph":[{"@type":"WebPage","@id":"https:\/\/intercultural-festival.de\/index.php\/rueckblick\/2025-2\/","url":"https:\/\/intercultural-festival.de\/index.php\/rueckblick\/2025-2\/","name":"2025 - Intercultural Festival","isPartOf":{"@id":"https:\/\/intercultural-festival.de\/#website"},"primaryImageOfPage":{"@id":"https:\/\/intercultural-festival.de\/index.php\/rueckblick\/2025-2\/#primaryimage"},"image":{"@id":"https:\/\/intercultural-festival.de\/index.php\/rueckblick\/2025-2\/#primaryimage"},"thumbnailUrl":"https:\/\/intercultural-festival.de\/wp-content\/uploads\/2025\/10\/20250912-P1658199-768x1024.jpg","datePublished":"2025-10-01T07:45:38+00:00","dateModified":"2025-10-01T07:49:54+00:00","breadcrumb":{"@id":"https:\/\/intercultural-festival.de\/index.php\/rueckblick\/2025-2\/#breadcrumb"},"inLanguage":"de","potentialAction":[{"@type":"ReadAction","target":["https:\/\/intercultural-festival.de\/index.php\/rueckblick\/2025-2\/"]}]},{"@type":"ImageObject","inLanguage":"de","@id":"https:\/\/intercultural-festival.de\/index.php\/rueckblick\/2025-2\/#primaryimage","url":"https:\/\/intercultural-festival.de\/wp-content\/uploads\/2025\/10\/20250912-P1658199.jpg","contentUrl":"https:\/\/intercultural-festival.de\/wp-content\/uploads\/2025\/10\/20250912-P1658199.jpg","width":1200,"height":1600},{"@type":"BreadcrumbList","@id":"https:\/\/intercultural-festival.de\/index.php\/rueckblick\/2025-2\/#breadcrumb","itemListElement":[{"@type":"ListItem","position":1,"name":"Startseite","item":"https:\/\/intercultural-festival.de\/"},{"@type":"ListItem","position":2,"name":"R\u00fcckblick","item":"https:\/\/intercultural-festival.de\/index.php\/rueckblick\/"},{"@type":"ListItem","position":3,"name":"2025"}]},{"@type":"WebSite","@id":"https:\/\/intercultural-festival.de\/#website","url":"https:\/\/intercultural-festival.de\/","name":"Intercultural Festival","description":"2026","potentialAction":[{"@type":"SearchAction","target":{"@type":"EntryPoint","urlTemplate":"https:\/\/intercultural-festival.de\/?s={search_term_string}"},"query-input":{"@type":"PropertyValueSpecification","valueRequired":true,"valueName":"search_term_string"}}],"inLanguage":"de"}]}},"_links":{"self":[{"href":"https:\/\/intercultural-festival.de\/index.php\/wp-json\/wp\/v2\/pages\/394","targetHints":{"allow":["GET"]}}],"collection":[{"href":"https:\/\/intercultural-festival.de\/index.php\/wp-json\/wp\/v2\/pages"}],"about":[{"href":"https:\/\/intercultural-festival.de\/index.php\/wp-json\/wp\/v2\/types\/page"}],"author":[{"embeddable":true,"href":"https:\/\/intercultural-festival.de\/index.php\/wp-json\/wp\/v2\/users\/1"}],"replies":[{"embeddable":true,"href":"https:\/\/intercultural-festival.de\/index.php\/wp-json\/wp\/v2\/comments?post=394"}],"version-history":[{"count":2,"href":"https:\/\/intercultural-festival.de\/index.php\/wp-json\/wp\/v2\/pages\/394\/revisions"}],"predecessor-version":[{"id":409,"href":"https:\/\/intercultural-festival.de\/index.php\/wp-json\/wp\/v2\/pages\/394\/revisions\/409"}],"up":[{"embeddable":true,"href":"https:\/\/intercultural-festival.de\/index.php\/wp-json\/wp\/v2\/pages\/18"}],"wp:attachment":[{"href":"https:\/\/intercultural-festival.de\/index.php\/wp-json\/wp\/v2\/media?parent=394"}],"curies":[{"name":"wp","href":"https:\/\/api.w.org\/{rel}","templated":true}]}}